{"id":8090,"date":"2022-09-12T15:54:28","date_gmt":"2022-09-12T13:54:28","guid":{"rendered":"https:\/\/www.presensa.com\/blog\/"},"modified":"2023-04-27T17:18:27","modified_gmt":"2023-04-27T15:18:27","slug":"blog","status":"publish","type":"page","link":"https:\/\/www.pressensa.shop\/fr\/blog\/","title":{"rendered":"Blog"},"content":{"rendered":"\t\t<div data-elementor-type=\"wp-page\" data-elementor-id=\"8090\" class=\"elementor elementor-8090 elementor-7504\" data-elementor-post-type=\"page\">\n\t\t\t\t\t\t<section class=\"elementor-section elementor-top-section elementor-element elementor-element-4d707522 elementor-section-full_width elementor-section-stretched elementor-section-height-default elementor-section-height-default\" data-id=\"4d707522\" data-element_type=\"section\" data-e-type=\"section\" data-settings=\"{&quot;stretch_section&quot;:&quot;section-stretched&quot;,&quot;background_background&quot;:&quot;classic&quot;}\">\n\t\t\t\t\t\t\t<div class=\"elementor-background-overlay\"><\/div>\n\t\t\t\t\t\t\t<div class=\"elementor-container elementor-column-gap-default\">\n\t\t\t\t\t<div class=\"elementor-column elementor-col-33 elementor-top-column elementor-element elementor-element-46fa6c1e elementor-hidden-tablet elementor-hidden-mobile\" data-id=\"46fa6c1e\" data-element_type=\"column\" data-e-type=\"column\">\n\t\t\t<div class=\"elementor-widget-wrap\">\n\t\t\t\t\t\t\t<\/div>\n\t\t<\/div>\n\t\t\t\t<div class=\"elementor-column elementor-col-33 elementor-top-column elementor-element elementor-element-5cc60fe3\" data-id=\"5cc60fe3\" data-element_type=\"column\" data-e-type=\"column\">\n\t\t\t<div class=\"elementor-widget-wrap elementor-element-populated\">\n\t\t\t\t\t\t<section class=\"elementor-section elementor-inner-section elementor-element elementor-element-d391cf3 elementor-section-boxed elementor-section-height-default elementor-section-height-default\" data-id=\"d391cf3\" data-element_type=\"section\" data-e-type=\"section\">\n\t\t\t\t\t\t<div class=\"elementor-container elementor-column-gap-default\">\n\t\t\t\t\t<div class=\"elementor-column elementor-col-100 elementor-inner-column elementor-element elementor-element-e1cb42d\" data-id=\"e1cb42d\" data-element_type=\"column\" data-e-type=\"column\" data-settings=\"{&quot;background_background&quot;:&quot;classic&quot;}\">\n\t\t\t<div class=\"elementor-widget-wrap elementor-element-populated\">\n\t\t\t\t\t\t<div class=\"elementor-element elementor-element-7ea42b7 elementor-widget elementor-widget-spacer\" data-id=\"7ea42b7\" data-element_type=\"widget\" data-e-type=\"widget\" data-widget_type=\"spacer.default\">\n\t\t\t\t\t\t\t<div class=\"elementor-spacer\">\n\t\t\t<div class=\"elementor-spacer-inner\"><\/div>\n\t\t<\/div>\n\t\t\t\t\t\t<\/div>\n\t\t\t\t<div class=\"elementor-element elementor-element-ec04fd6 elementor-widget elementor-widget-heading\" data-id=\"ec04fd6\" data-element_type=\"widget\" data-e-type=\"widget\" data-widget_type=\"heading.default\">\n\t\t\t\t\t<h2 class=\"elementor-heading-title elementor-size-default\">Lire la suite : <\/h2>\t\t\t\t<\/div>\n\t\t\t\t\t<\/div>\n\t\t<\/div>\n\t\t\t\t\t<\/div>\n\t\t<\/section>\n\t\t\t\t<section class=\"elementor-section elementor-inner-section elementor-element elementor-element-286b11cd elementor-section-boxed elementor-section-height-default elementor-section-height-default\" data-id=\"286b11cd\" data-element_type=\"section\" data-e-type=\"section\" data-settings=\"{&quot;background_background&quot;:&quot;classic&quot;}\">\n\t\t\t\t\t\t\t<div class=\"elementor-background-overlay\"><\/div>\n\t\t\t\t\t\t\t<div class=\"elementor-container elementor-column-gap-default\">\n\t\t\t\t\t<div class=\"elementor-column elementor-col-50 elementor-inner-column elementor-element elementor-element-61256dfe\" data-id=\"61256dfe\" data-element_type=\"column\" data-e-type=\"column\" data-settings=\"{&quot;background_background&quot;:&quot;classic&quot;}\">\n\t\t\t<div class=\"elementor-widget-wrap elementor-element-populated\">\n\t\t\t\t\t\t<div class=\"elementor-element elementor-element-d86b89f elementor-widget elementor-widget-image\" data-id=\"d86b89f\" data-element_type=\"widget\" data-e-type=\"widget\" data-widget_type=\"image.default\">\n\t\t\t\t\t\t\t\t\t\t\t\t\t\t\t<img fetchpriority=\"high\" decoding=\"async\" width=\"480\" height=\"720\" src=\"https:\/\/www.pressensa.shop\/wp-content\/uploads\/2022\/09\/libro-protocolos-medicina-estetica-pdf-480x720.png\" class=\"attachment-large size-large wp-image-7847\" alt=\"\" srcset=\"https:\/\/www.pressensa.shop\/wp-content\/uploads\/2022\/09\/libro-protocolos-medicina-estetica-pdf-480x720.png 480w, https:\/\/www.pressensa.shop\/wp-content\/uploads\/2022\/09\/libro-protocolos-medicina-estetica-pdf-300x450.png 300w, https:\/\/www.pressensa.shop\/wp-content\/uploads\/2022\/09\/libro-protocolos-medicina-estetica-pdf.png 762w\" sizes=\"(max-width: 480px) 100vw, 480px\" \/>\t\t\t\t\t\t\t\t\t\t\t\t\t\t\t<\/div>\n\t\t\t\t\t<\/div>\n\t\t<\/div>\n\t\t\t\t<div class=\"elementor-column elementor-col-50 elementor-inner-column elementor-element elementor-element-5185b442\" data-id=\"5185b442\" data-element_type=\"column\" data-e-type=\"column\" data-settings=\"{&quot;background_background&quot;:&quot;classic&quot;}\">\n\t\t\t<div class=\"elementor-widget-wrap elementor-element-populated\">\n\t\t\t\t\t\t<div class=\"elementor-element elementor-element-3486851a elementor-widget elementor-widget-heading\" data-id=\"3486851a\" data-element_type=\"widget\" data-e-type=\"widget\" data-widget_type=\"heading.default\">\n\t\t\t\t\t<p class=\"elementor-heading-title elementor-size-default\">ACC\u00c9DER AU LIVRE DES PROTOCOLES :<\/p>\t\t\t\t<\/div>\n\t\t\t\t<div class=\"elementor-element elementor-element-6084686f elementor-widget elementor-widget-heading\" data-id=\"6084686f\" data-element_type=\"widget\" data-e-type=\"widget\" data-widget_type=\"heading.default\">\n\t\t\t\t\t<h2 class=\"elementor-heading-title elementor-size-default\">EBOOK AVEC PLUS DE 10 PROTOCOLES EN M\u00c9DECINE ESTH\u00c9TIQUE<\/h2>\t\t\t\t<\/div>\n\t\t\t\t<div class=\"elementor-element elementor-element-dd66def elementor-button-align-stretch elementor-widget elementor-widget-form\" data-id=\"dd66def\" data-element_type=\"widget\" data-e-type=\"widget\" data-settings=\"{&quot;step_next_label&quot;:&quot;Suivant&quot;,&quot;step_previous_label&quot;:&quot;Pr\\u00e9c\\u00e9dent&quot;,&quot;button_width&quot;:&quot;100&quot;,&quot;step_type&quot;:&quot;number_text&quot;,&quot;step_icon_shape&quot;:&quot;circle&quot;}\" data-widget_type=\"form.default\">\n\t\t\t\t\t\t\t<form class=\"elementor-form\" method=\"post\" id=\"seccionprotocolos\" name=\"Nouveau formulaire\" aria-label=\"Nouveau formulaire\">\n\t\t\t<input type=\"hidden\" name=\"post_id\" value=\"8090\"\/>\n\t\t\t<input type=\"hidden\" name=\"form_id\" value=\"dd66def\"\/>\n\t\t\t<input type=\"hidden\" name=\"referer_title\" value=\"Pressensa\" \/>\n\n\t\t\t\n\t\t\t<div class=\"elementor-form-fields-wrapper elementor-labels-above\">\n\t\t\t\t\t\t\t\t<div class=\"elementor-field-type-text elementor-field-group elementor-column elementor-field-group-name elementor-col-100\">\n\t\t\t\t\t\t\t\t\t\t\t\t<label for=\"form-field-name\" class=\"elementor-field-label\">\n\t\t\t\t\t\t\t\tNom\t\t\t\t\t\t\t<\/label>\n\t\t\t\t\t\t\t\t\t\t\t\t\t\t<input size=\"1\" type=\"text\" name=\"form_fields[name]\" id=\"form-field-name\" class=\"elementor-field elementor-size-sm  elementor-field-textual\" placeholder=\"Nom\">\n\t\t\t\t\t\t\t\t\t\t\t<\/div>\n\t\t\t\t\t\t\t\t<div class=\"elementor-field-type-email elementor-field-group elementor-column elementor-field-group-email elementor-col-100 elementor-field-required\">\n\t\t\t\t\t\t\t\t\t\t\t\t<label for=\"form-field-email\" class=\"elementor-field-label\">\n\t\t\t\t\t\t\t\tEmail\t\t\t\t\t\t\t<\/label>\n\t\t\t\t\t\t\t\t\t\t\t\t\t\t<input size=\"1\" type=\"email\" name=\"form_fields[email]\" id=\"form-field-email\" class=\"elementor-field elementor-size-sm  elementor-field-textual\" placeholder=\"Email\" required=\"required\">\n\t\t\t\t\t\t\t\t\t\t\t<\/div>\n\t\t\t\t\t\t\t\t<div class=\"elementor-field-group elementor-column elementor-field-type-submit elementor-col-100 e-form__buttons\">\n\t\t\t\t\t<button class=\"elementor-button elementor-size-sm\" type=\"submit\">\n\t\t\t\t\t\t<span class=\"elementor-button-content-wrapper\">\n\t\t\t\t\t\t\t\t\t\t\t\t\t\t\t\t\t\t\t\t\t\t<span class=\"elementor-button-text\">T\u00e9l\u00e9chargez<\/span>\n\t\t\t\t\t\t\t\t\t\t\t\t\t<\/span>\n\t\t\t\t\t<\/button>\n\t\t\t\t<\/div>\n\t\t\t<\/div>\n\t\t<\/form>\n\t\t\t\t\t\t<\/div>\n\t\t\t\t\t<\/div>\n\t\t<\/div>\n\t\t\t\t\t<\/div>\n\t\t<\/section>\n\t\t\t\t<section class=\"elementor-section elementor-inner-section elementor-element elementor-element-7b440c34 elementor-section-boxed elementor-section-height-default elementor-section-height-default\" data-id=\"7b440c34\" data-element_type=\"section\" data-e-type=\"section\">\n\t\t\t\t\t\t<div class=\"elementor-container elementor-column-gap-default\">\n\t\t\t\t\t<div class=\"elementor-column elementor-col-100 elementor-inner-column elementor-element elementor-element-5ca6fc26\" data-id=\"5ca6fc26\" data-element_type=\"column\" data-e-type=\"column\" data-settings=\"{&quot;background_background&quot;:&quot;classic&quot;}\">\n\t\t\t<div class=\"elementor-widget-wrap elementor-element-populated\">\n\t\t\t\t\t\t<div class=\"elementor-element elementor-element-d001caf elementor-widget elementor-widget-spacer\" data-id=\"d001caf\" data-element_type=\"widget\" data-e-type=\"widget\" data-widget_type=\"spacer.default\">\n\t\t\t\t\t\t\t<div class=\"elementor-spacer\">\n\t\t\t<div class=\"elementor-spacer-inner\"><\/div>\n\t\t<\/div>\n\t\t\t\t\t\t<\/div>\n\t\t\t\t<div class=\"elementor-element elementor-element-405a9df3 elementor-widget elementor-widget-heading\" data-id=\"405a9df3\" data-element_type=\"widget\" data-e-type=\"widget\" data-widget_type=\"heading.default\">\n\t\t\t\t\t<h2 class=\"elementor-heading-title elementor-size-default\">Soins \u00e0 domicile<\/h2>\t\t\t\t<\/div>\n\t\t\t\t<div class=\"elementor-element elementor-element-b0cdfd5 elementor-grid-3 elementor-grid-tablet-2 elementor-grid-mobile-1 elementor-posts--thumbnail-top elementor-widget elementor-widget-posts\" data-id=\"b0cdfd5\" data-element_type=\"widget\" data-e-type=\"widget\" data-settings=\"{&quot;classic_columns&quot;:&quot;3&quot;,&quot;classic_columns_tablet&quot;:&quot;2&quot;,&quot;classic_columns_mobile&quot;:&quot;1&quot;,&quot;classic_row_gap&quot;:{&quot;unit&quot;:&quot;px&quot;,&quot;size&quot;:35,&quot;sizes&quot;:[]},&quot;classic_row_gap_tablet&quot;:{&quot;unit&quot;:&quot;px&quot;,&quot;size&quot;:&quot;&quot;,&quot;sizes&quot;:[]},&quot;classic_row_gap_mobile&quot;:{&quot;unit&quot;:&quot;px&quot;,&quot;size&quot;:&quot;&quot;,&quot;sizes&quot;:[]}}\" data-widget_type=\"posts.classic\">\n\t\t\t\t<div class=\"elementor-widget-container\">\n\t\t\t\t\t\t\t<div class=\"elementor-posts-container elementor-posts elementor-posts--skin-classic elementor-grid\" role=\"list\">\n\t\t\t\t<article class=\"elementor-post elementor-grid-item post-23859 post type-post status-publish format-standard has-post-thumbnail hentry category-home-care tag-imprescindibles-otono tag-kit-ritual-otono tag-pack-otono\" role=\"listitem\">\n\t\t\t\t<a class=\"elementor-post__thumbnail__link\" href=\"https:\/\/www.pressensa.shop\/fr\/indispensables-pour-cet-automne-comment-afficher-une-peau-saine-et-eclatante\/\" tabindex=\"-1\" >\n\t\t\t<div class=\"elementor-post__thumbnail\"><img decoding=\"async\" width=\"450\" height=\"450\" src=\"https:\/\/www.pressensa.shop\/wp-content\/uploads\/2025\/10\/Kit-Ritual-Otono-450x450.jpg\" class=\"attachment-medium size-medium wp-image-23850\" alt=\"Kit Ritual Oto\u00f1o\" srcset=\"https:\/\/www.pressensa.shop\/wp-content\/uploads\/2025\/10\/Kit-Ritual-Otono-450x450.jpg 450w, https:\/\/www.pressensa.shop\/wp-content\/uploads\/2025\/10\/Kit-Ritual-Otono-720x720.jpg 720w, https:\/\/www.pressensa.shop\/wp-content\/uploads\/2025\/10\/Kit-Ritual-Otono-768x768.jpg 768w, https:\/\/www.pressensa.shop\/wp-content\/uploads\/2025\/10\/Kit-Ritual-Otono-400x400.jpg 400w, https:\/\/www.pressensa.shop\/wp-content\/uploads\/2025\/10\/Kit-Ritual-Otono-800x800.jpg 800w, https:\/\/www.pressensa.shop\/wp-content\/uploads\/2025\/10\/Kit-Ritual-Otono-100x100.jpg 100w, https:\/\/www.pressensa.shop\/wp-content\/uploads\/2025\/10\/Kit-Ritual-Otono.jpg 1080w\" sizes=\"(max-width: 450px) 100vw, 450px\" \/><\/div>\n\t\t<\/a>\n\t\t\t\t<div class=\"elementor-post__text\">\n\t\t\t\t<h3 class=\"elementor-post__title\">\n\t\t\t<a href=\"https:\/\/www.pressensa.shop\/fr\/indispensables-pour-cet-automne-comment-afficher-une-peau-saine-et-eclatante\/\" >\n\t\t\t\tIndispensables pour cet automne : comment afficher une peau saine et \u00e9clatante\t\t\t<\/a>\n\t\t<\/h3>\n\t\t\t\t<div class=\"elementor-post__meta-data\">\n\t\t\t\t\t<span class=\"elementor-post-date\">\n\t\t\t14 octobre 2025\t\t<\/span>\n\t\t\t\t<span class=\"elementor-post-avatar\">\n\t\t\tAucun commentaire\t\t<\/span>\n\t\t\t\t<\/div>\n\t\t\t\t<div class=\"elementor-post__excerpt\">\n\t\t\t<p>L\u2019automne est l\u2019une des saisons les plus d\u00e9licates pour la peau. Apr\u00e8s l\u2019exposition solaire de l\u2019\u00e9t\u00e9, apparaissent les premiers signes de s\u00e9cheresse, de taches et de perte de luminosit\u00e9. \u00c0 cela s\u2019ajoutent les temp\u00e9ratures plus basses, le vent et les variations d\u2019humidit\u00e9, qui peuvent fragiliser la barri\u00e8re cutan\u00e9e. Adapter sa routine aux besoins de cette<\/p>\n\t\t<\/div>\n\t\t\n\t\t<a class=\"elementor-post__read-more\" href=\"https:\/\/www.pressensa.shop\/fr\/indispensables-pour-cet-automne-comment-afficher-une-peau-saine-et-eclatante\/\" aria-label=\"En savoir plus sur Indispensables pour cet automne : comment afficher une peau saine et \u00e9clatante\" tabindex=\"-1\" >\n\t\t\tLire plus \"\t\t<\/a>\n\n\t\t\t\t<\/div>\n\t\t\t\t<\/article>\n\t\t\t\t<article class=\"elementor-post elementor-grid-item post-22809 post type-post status-publish format-standard has-post-thumbnail hentry category-home-care\" role=\"listitem\">\n\t\t\t\t<a class=\"elementor-post__thumbnail__link\" href=\"https:\/\/www.pressensa.shop\/fr\/recuperation-de-la-peau-apres-lete-hydratation-et-vitalite\/\" tabindex=\"-1\" >\n\t\t\t<div class=\"elementor-post__thumbnail\"><img decoding=\"async\" width=\"450\" height=\"450\" src=\"https:\/\/www.pressensa.shop\/wp-content\/uploads\/2025\/09\/Diseno-sin-titulo-2025-09-05T130830.771-450x450.jpg\" class=\"attachment-medium size-medium wp-image-22804\" alt=\"\" srcset=\"https:\/\/www.pressensa.shop\/wp-content\/uploads\/2025\/09\/Diseno-sin-titulo-2025-09-05T130830.771-450x450.jpg 450w, https:\/\/www.pressensa.shop\/wp-content\/uploads\/2025\/09\/Diseno-sin-titulo-2025-09-05T130830.771-720x720.jpg 720w, https:\/\/www.pressensa.shop\/wp-content\/uploads\/2025\/09\/Diseno-sin-titulo-2025-09-05T130830.771-768x768.jpg 768w, https:\/\/www.pressensa.shop\/wp-content\/uploads\/2025\/09\/Diseno-sin-titulo-2025-09-05T130830.771-400x400.jpg 400w, https:\/\/www.pressensa.shop\/wp-content\/uploads\/2025\/09\/Diseno-sin-titulo-2025-09-05T130830.771-800x800.jpg 800w, https:\/\/www.pressensa.shop\/wp-content\/uploads\/2025\/09\/Diseno-sin-titulo-2025-09-05T130830.771-100x100.jpg 100w, https:\/\/www.pressensa.shop\/wp-content\/uploads\/2025\/09\/Diseno-sin-titulo-2025-09-05T130830.771.jpg 1200w\" sizes=\"(max-width: 450px) 100vw, 450px\" \/><\/div>\n\t\t<\/a>\n\t\t\t\t<div class=\"elementor-post__text\">\n\t\t\t\t<h3 class=\"elementor-post__title\">\n\t\t\t<a href=\"https:\/\/www.pressensa.shop\/fr\/recuperation-de-la-peau-apres-lete-hydratation-et-vitalite\/\" >\n\t\t\t\tR\u00e9cup\u00e9ration de la peau apr\u00e8s l\u2019\u00e9t\u00e9 : hydratation et vitalit\u00e9\t\t\t<\/a>\n\t\t<\/h3>\n\t\t\t\t<div class=\"elementor-post__meta-data\">\n\t\t\t\t\t<span class=\"elementor-post-date\">\n\t\t\t5 septembre 2025\t\t<\/span>\n\t\t\t\t<span class=\"elementor-post-avatar\">\n\t\t\tAucun commentaire\t\t<\/span>\n\t\t\t\t<\/div>\n\t\t\t\t<div class=\"elementor-post__excerpt\">\n\t\t\t<p>L\u2019\u00e9t\u00e9 est une p\u00e9riode de lumi\u00e8re, de chaleur et de plaisir en plein air. Cependant, c\u2019est aussi un moment o\u00f9 notre peau est expos\u00e9e \u00e0 de nombreux facteurs pouvant affecter sa sant\u00e9, sa luminosit\u00e9 et sa fermet\u00e9. La radiation solaire, le sel de la mer, le chlore des piscines, la chaleur intense et les changements<\/p>\n\t\t<\/div>\n\t\t\n\t\t<a class=\"elementor-post__read-more\" href=\"https:\/\/www.pressensa.shop\/fr\/recuperation-de-la-peau-apres-lete-hydratation-et-vitalite\/\" aria-label=\"En savoir plus sur R\u00e9cup\u00e9ration de la peau apr\u00e8s l\u2019\u00e9t\u00e9 : hydratation et vitalit\u00e9\" tabindex=\"-1\" >\n\t\t\tLire plus \"\t\t<\/a>\n\n\t\t\t\t<\/div>\n\t\t\t\t<\/article>\n\t\t\t\t<article class=\"elementor-post elementor-grid-item post-22569 post type-post status-publish format-standard has-post-thumbnail hentry category-home-care tag-manchas-cara tag-manchas-oscuras\" role=\"listitem\">\n\t\t\t\t<a class=\"elementor-post__thumbnail__link\" href=\"https:\/\/www.pressensa.shop\/fr\/comment-traiter-les-taches-pigmentaires-en-ete-sans-abimer-la-peau\/\" tabindex=\"-1\" >\n\t\t\t<div class=\"elementor-post__thumbnail\"><img loading=\"lazy\" decoding=\"async\" width=\"450\" height=\"450\" src=\"https:\/\/www.pressensa.shop\/wp-content\/uploads\/2025\/06\/Manchas-oscuras-450x450.jpg\" class=\"attachment-medium size-medium wp-image-22564\" alt=\"\" srcset=\"https:\/\/www.pressensa.shop\/wp-content\/uploads\/2025\/06\/Manchas-oscuras-450x450.jpg 450w, https:\/\/www.pressensa.shop\/wp-content\/uploads\/2025\/06\/Manchas-oscuras-720x720.jpg 720w, https:\/\/www.pressensa.shop\/wp-content\/uploads\/2025\/06\/Manchas-oscuras-768x768.jpg 768w, https:\/\/www.pressensa.shop\/wp-content\/uploads\/2025\/06\/Manchas-oscuras-1536x1536.jpg 1536w, https:\/\/www.pressensa.shop\/wp-content\/uploads\/2025\/06\/Manchas-oscuras-400x400.jpg 400w, https:\/\/www.pressensa.shop\/wp-content\/uploads\/2025\/06\/Manchas-oscuras-800x800.jpg 800w, https:\/\/www.pressensa.shop\/wp-content\/uploads\/2025\/06\/Manchas-oscuras-100x100.jpg 100w, https:\/\/www.pressensa.shop\/wp-content\/uploads\/2025\/06\/Manchas-oscuras.jpg 1920w\" sizes=\"(max-width: 450px) 100vw, 450px\" \/><\/div>\n\t\t<\/a>\n\t\t\t\t<div class=\"elementor-post__text\">\n\t\t\t\t<h3 class=\"elementor-post__title\">\n\t\t\t<a href=\"https:\/\/www.pressensa.shop\/fr\/comment-traiter-les-taches-pigmentaires-en-ete-sans-abimer-la-peau\/\" >\n\t\t\t\tComment traiter les taches pigmentaires en \u00e9t\u00e9 sans ab\u00eemer la peau\t\t\t<\/a>\n\t\t<\/h3>\n\t\t\t\t<div class=\"elementor-post__meta-data\">\n\t\t\t\t\t<span class=\"elementor-post-date\">\n\t\t\t27 juin 2025\t\t<\/span>\n\t\t\t\t<span class=\"elementor-post-avatar\">\n\t\t\tAucun commentaire\t\t<\/span>\n\t\t\t\t<\/div>\n\t\t\t\t<div class=\"elementor-post__excerpt\">\n\t\t\t<p>L\u2019\u00e9t\u00e9 est une saison lumineuse, joyeuse et dynamique, mais aussi exigeante pour la peau. Les taches pigmentaires, qu\u2019elles soient dues au soleil, \u00e0 l\u2019\u00e2ge ou \u00e0 des facteurs hormonaux comme le m\u00e9lasma, ont tendance \u00e0 s\u2019intensifier pendant les mois chauds. Si vous souhaitez conserver un teint uniforme et lumineux, cet article est pour vous. Chez<\/p>\n\t\t<\/div>\n\t\t\n\t\t<a class=\"elementor-post__read-more\" href=\"https:\/\/www.pressensa.shop\/fr\/comment-traiter-les-taches-pigmentaires-en-ete-sans-abimer-la-peau\/\" aria-label=\"En savoir plus sur Comment traiter les taches pigmentaires en \u00e9t\u00e9 sans ab\u00eemer la peau\" tabindex=\"-1\" >\n\t\t\tLire plus \"\t\t<\/a>\n\n\t\t\t\t<\/div>\n\t\t\t\t<\/article>\n\t\t\t\t<article class=\"elementor-post elementor-grid-item post-22229 post type-post status-publish format-standard has-post-thumbnail hentry category-home-care tag-anticelulitis tag-cremas-anticeluliticas tag-geles-efecto-frio-y-calor tag-pack-verano tag-profirming tag-reducelite\" role=\"listitem\">\n\t\t\t\t<a class=\"elementor-post__thumbnail__link\" href=\"https:\/\/www.pressensa.shop\/fr\/erreurs-courantes-lors-de-lapplication-de-gels-chauffants-et-rafraichissants\/\" tabindex=\"-1\" >\n\t\t\t<div class=\"elementor-post__thumbnail\"><img loading=\"lazy\" decoding=\"async\" width=\"450\" height=\"450\" src=\"https:\/\/www.pressensa.shop\/wp-content\/uploads\/2025\/05\/Imagenes-con-podios-6-450x450.jpg\" class=\"attachment-medium size-medium wp-image-22221\" alt=\"Errores comunes al aplicar geles de efecto fr\u00edo y calor\" srcset=\"https:\/\/www.pressensa.shop\/wp-content\/uploads\/2025\/05\/Imagenes-con-podios-6-450x450.jpg 450w, https:\/\/www.pressensa.shop\/wp-content\/uploads\/2025\/05\/Imagenes-con-podios-6-720x720.jpg 720w, https:\/\/www.pressensa.shop\/wp-content\/uploads\/2025\/05\/Imagenes-con-podios-6-768x768.jpg 768w, https:\/\/www.pressensa.shop\/wp-content\/uploads\/2025\/05\/Imagenes-con-podios-6-400x400.jpg 400w, https:\/\/www.pressensa.shop\/wp-content\/uploads\/2025\/05\/Imagenes-con-podios-6-800x800.jpg 800w, https:\/\/www.pressensa.shop\/wp-content\/uploads\/2025\/05\/Imagenes-con-podios-6-100x100.jpg 100w, https:\/\/www.pressensa.shop\/wp-content\/uploads\/2025\/05\/Imagenes-con-podios-6.jpg 1500w\" sizes=\"(max-width: 450px) 100vw, 450px\" \/><\/div>\n\t\t<\/a>\n\t\t\t\t<div class=\"elementor-post__text\">\n\t\t\t\t<h3 class=\"elementor-post__title\">\n\t\t\t<a href=\"https:\/\/www.pressensa.shop\/fr\/erreurs-courantes-lors-de-lapplication-de-gels-chauffants-et-rafraichissants\/\" >\n\t\t\t\tErreurs courantes lors de l\u2019application de gels chauffants et rafra\u00eechissants\t\t\t<\/a>\n\t\t<\/h3>\n\t\t\t\t<div class=\"elementor-post__meta-data\">\n\t\t\t\t\t<span class=\"elementor-post-date\">\n\t\t\t14 mai 2025\t\t<\/span>\n\t\t\t\t<span class=\"elementor-post-avatar\">\n\t\t\tAucun commentaire\t\t<\/span>\n\t\t\t\t<\/div>\n\t\t\t\t<div class=\"elementor-post__excerpt\">\n\t\t\t<p>Les gels \u00e0 effet thermique (froid et chaud) sont devenus des alli\u00e9s pr\u00e9cieux dans les routines de soins corporels et d\u2019entra\u00eenement. Lorsqu\u2019ils sont appliqu\u00e9s correctement, ils peuvent aider \u00e0 raffermir la peau, r\u00e9duire la cellulite et renforcer les effets de l\u2019exercice. Cependant, de nombreuses personnes commettent des erreurs qui r\u00e9duisent l\u2019efficacit\u00e9 de ces produits, voire<\/p>\n\t\t<\/div>\n\t\t\n\t\t<a class=\"elementor-post__read-more\" href=\"https:\/\/www.pressensa.shop\/fr\/erreurs-courantes-lors-de-lapplication-de-gels-chauffants-et-rafraichissants\/\" aria-label=\"En savoir plus sur Erreurs courantes lors de l\u2019application de gels chauffants et rafra\u00eechissants\" tabindex=\"-1\" >\n\t\t\tLire plus \"\t\t<\/a>\n\n\t\t\t\t<\/div>\n\t\t\t\t<\/article>\n\t\t\t\t<article class=\"elementor-post elementor-grid-item post-21967 post type-post status-publish format-standard has-post-thumbnail hentry category-home-care tag-anti-celulitis tag-crema-anticelulitis tag-operacion-bikini tag-reducelite\" role=\"listitem\">\n\t\t\t\t<a class=\"elementor-post__thumbnail__link\" href=\"https:\/\/www.pressensa.shop\/fr\/creme-anticellulite-et-exercice-la-combinaison-cle-pour-transformer-votre-peau-cet-ete\/\" tabindex=\"-1\" >\n\t\t\t<div class=\"elementor-post__thumbnail\"><img loading=\"lazy\" decoding=\"async\" width=\"450\" height=\"450\" src=\"https:\/\/www.pressensa.shop\/wp-content\/uploads\/2025\/04\/Diseno-sin-titulo-95-450x450.jpg\" class=\"attachment-medium size-medium wp-image-21962\" alt=\"Crema anticelul\u00edtica Profirming y Reducelite, prepara tu piel para el verano.\" srcset=\"https:\/\/www.pressensa.shop\/wp-content\/uploads\/2025\/04\/Diseno-sin-titulo-95-450x450.jpg 450w, https:\/\/www.pressensa.shop\/wp-content\/uploads\/2025\/04\/Diseno-sin-titulo-95-720x720.jpg 720w, https:\/\/www.pressensa.shop\/wp-content\/uploads\/2025\/04\/Diseno-sin-titulo-95-768x768.jpg 768w, https:\/\/www.pressensa.shop\/wp-content\/uploads\/2025\/04\/Diseno-sin-titulo-95-400x400.jpg 400w, https:\/\/www.pressensa.shop\/wp-content\/uploads\/2025\/04\/Diseno-sin-titulo-95-800x800.jpg 800w, https:\/\/www.pressensa.shop\/wp-content\/uploads\/2025\/04\/Diseno-sin-titulo-95-100x100.jpg 100w, https:\/\/www.pressensa.shop\/wp-content\/uploads\/2025\/04\/Diseno-sin-titulo-95.jpg 1500w\" sizes=\"(max-width: 450px) 100vw, 450px\" \/><\/div>\n\t\t<\/a>\n\t\t\t\t<div class=\"elementor-post__text\">\n\t\t\t\t<h3 class=\"elementor-post__title\">\n\t\t\t<a href=\"https:\/\/www.pressensa.shop\/fr\/creme-anticellulite-et-exercice-la-combinaison-cle-pour-transformer-votre-peau-cet-ete\/\" >\n\t\t\t\tCr\u00e8me anticellulite et exercice: la combinaison cl\u00e9 pour transformer votre peau cet \u00e9t\u00e9\t\t\t<\/a>\n\t\t<\/h3>\n\t\t\t\t<div class=\"elementor-post__meta-data\">\n\t\t\t\t\t<span class=\"elementor-post-date\">\n\t\t\t23 avril 2025\t\t<\/span>\n\t\t\t\t<span class=\"elementor-post-avatar\">\n\t\t\tAucun commentaire\t\t<\/span>\n\t\t\t\t<\/div>\n\t\t\t\t<div class=\"elementor-post__excerpt\">\n\t\t\t<p>Quand le beau temps arrive, l&rsquo;une des pr\u00e9occupations les plus courantes est d&rsquo;am\u00e9liorer l&rsquo;apparence de la peau, de r\u00e9duire la cellulite et de se sentir plus \u00e0 l&rsquo;aise dans son corps. Les cr\u00e8mes anticellulite deviennent des alli\u00e9es indispensables \u00e0 cette p\u00e9riode de l&rsquo;ann\u00e9e. Mais si l&rsquo;on souhaite r\u00e9ellement obtenir des r\u00e9sultats visibles et durables, il<\/p>\n\t\t<\/div>\n\t\t\n\t\t<a class=\"elementor-post__read-more\" href=\"https:\/\/www.pressensa.shop\/fr\/creme-anticellulite-et-exercice-la-combinaison-cle-pour-transformer-votre-peau-cet-ete\/\" aria-label=\"En savoir plus sur Cr\u00e8me anticellulite et exercice: la combinaison cl\u00e9 pour transformer votre peau cet \u00e9t\u00e9\" tabindex=\"-1\" >\n\t\t\tLire plus \"\t\t<\/a>\n\n\t\t\t\t<\/div>\n\t\t\t\t<\/article>\n\t\t\t\t<article class=\"elementor-post elementor-grid-item post-21205 post type-post status-publish format-standard has-post-thumbnail hentry category-home-care tag-arrugas-frente tag-skincare-arrugas-de-la-frente tag-skincare-frente tag-tratamiento-arrugas-frente\" role=\"listitem\">\n\t\t\t\t<a class=\"elementor-post__thumbnail__link\" href=\"https:\/\/www.pressensa.shop\/fr\/forehead-vitaserum-votre-allie-contre-les-rides-du-front\/\" tabindex=\"-1\" >\n\t\t\t<div class=\"elementor-post__thumbnail\"><img loading=\"lazy\" decoding=\"async\" width=\"450\" height=\"450\" src=\"https:\/\/www.pressensa.shop\/wp-content\/uploads\/2025\/03\/Blog-Nota-Cajas-2-450x450.jpg\" class=\"attachment-medium size-medium wp-image-21197\" alt=\"\" srcset=\"https:\/\/www.pressensa.shop\/wp-content\/uploads\/2025\/03\/Blog-Nota-Cajas-2-450x450.jpg 450w, https:\/\/www.pressensa.shop\/wp-content\/uploads\/2025\/03\/Blog-Nota-Cajas-2-720x720.jpg 720w, https:\/\/www.pressensa.shop\/wp-content\/uploads\/2025\/03\/Blog-Nota-Cajas-2-768x768.jpg 768w, https:\/\/www.pressensa.shop\/wp-content\/uploads\/2025\/03\/Blog-Nota-Cajas-2-400x400.jpg 400w, https:\/\/www.pressensa.shop\/wp-content\/uploads\/2025\/03\/Blog-Nota-Cajas-2-800x800.jpg 800w, https:\/\/www.pressensa.shop\/wp-content\/uploads\/2025\/03\/Blog-Nota-Cajas-2-100x100.jpg 100w, https:\/\/www.pressensa.shop\/wp-content\/uploads\/2025\/03\/Blog-Nota-Cajas-2.jpg 1080w\" sizes=\"(max-width: 450px) 100vw, 450px\" \/><\/div>\n\t\t<\/a>\n\t\t\t\t<div class=\"elementor-post__text\">\n\t\t\t\t<h3 class=\"elementor-post__title\">\n\t\t\t<a href=\"https:\/\/www.pressensa.shop\/fr\/forehead-vitaserum-votre-allie-contre-les-rides-du-front\/\" >\n\t\t\t\tForeHead VitaSerum: Votre alli\u00e9 contre les rides du front.\t\t\t<\/a>\n\t\t<\/h3>\n\t\t\t\t<div class=\"elementor-post__meta-data\">\n\t\t\t\t\t<span class=\"elementor-post-date\">\n\t\t\t14 mars 2025\t\t<\/span>\n\t\t\t\t<span class=\"elementor-post-avatar\">\n\t\t\tAucun commentaire\t\t<\/span>\n\t\t\t\t<\/div>\n\t\t\t\t<div class=\"elementor-post__excerpt\">\n\t\t\t<p>Les rides du front sont l\u2019un des premiers signes visibles du vieillissement. Les expressions faciales r\u00e9p\u00e9titives, la perte de collag\u00e8ne et le manque d\u2019hydratation peuvent accentuer les lignes d\u2019expression avec le temps. Si vous recherchez une solution efficace pour les att\u00e9nuer et pr\u00e9venir l\u2019apparition de nouvelles rides, ForeHead VitaSerum est le traitement id\u00e9al. Ce s\u00e9rum<\/p>\n\t\t<\/div>\n\t\t\n\t\t<a class=\"elementor-post__read-more\" href=\"https:\/\/www.pressensa.shop\/fr\/forehead-vitaserum-votre-allie-contre-les-rides-du-front\/\" aria-label=\"En savoir plus sur ForeHead VitaSerum: Votre alli\u00e9 contre les rides du front.\" tabindex=\"-1\" >\n\t\t\tLire plus \"\t\t<\/a>\n\n\t\t\t\t<\/div>\n\t\t\t\t<\/article>\n\t\t\t\t<\/div>\n\t\t\n\t\t\t\t\t\t<\/div>\n\t\t\t\t<\/div>\n\t\t\t\t\t<\/div>\n\t\t<\/div>\n\t\t\t\t\t<\/div>\n\t\t<\/section>\n\t\t\t\t<section class=\"elementor-section elementor-inner-section elementor-element elementor-element-9fe9168 elementor-section-boxed elementor-section-height-default elementor-section-height-default\" data-id=\"9fe9168\" data-element_type=\"section\" data-e-type=\"section\">\n\t\t\t\t\t\t<div class=\"elementor-container elementor-column-gap-default\">\n\t\t\t\t\t<div class=\"elementor-column elementor-col-100 elementor-inner-column elementor-element elementor-element-3200cf5\" data-id=\"3200cf5\" data-element_type=\"column\" data-e-type=\"column\" data-settings=\"{&quot;background_background&quot;:&quot;classic&quot;}\">\n\t\t\t<div class=\"elementor-widget-wrap elementor-element-populated\">\n\t\t\t\t\t\t<div class=\"elementor-element elementor-element-248ded1 elementor-widget elementor-widget-spacer\" data-id=\"248ded1\" data-element_type=\"widget\" data-e-type=\"widget\" data-widget_type=\"spacer.default\">\n\t\t\t\t\t\t\t<div class=\"elementor-spacer\">\n\t\t\t<div class=\"elementor-spacer-inner\"><\/div>\n\t\t<\/div>\n\t\t\t\t\t\t<\/div>\n\t\t\t\t<div class=\"elementor-element elementor-element-6e9966f elementor-widget elementor-widget-heading\" data-id=\"6e9966f\" data-element_type=\"widget\" data-e-type=\"widget\" data-widget_type=\"heading.default\">\n\t\t\t\t\t<h2 class=\"elementor-heading-title elementor-size-default\">Exclusivement pour les professionnels de la m\u00e9decine esth\u00e9tique<\/h2>\t\t\t\t<\/div>\n\t\t\t\t<div class=\"elementor-element elementor-element-dc9cd32 elementor-grid-3 elementor-grid-tablet-2 elementor-grid-mobile-1 elementor-posts--thumbnail-top elementor-widget elementor-widget-posts\" data-id=\"dc9cd32\" data-element_type=\"widget\" data-e-type=\"widget\" data-settings=\"{&quot;classic_columns&quot;:&quot;3&quot;,&quot;classic_columns_tablet&quot;:&quot;2&quot;,&quot;classic_columns_mobile&quot;:&quot;1&quot;,&quot;classic_row_gap&quot;:{&quot;unit&quot;:&quot;px&quot;,&quot;size&quot;:35,&quot;sizes&quot;:[]},&quot;classic_row_gap_tablet&quot;:{&quot;unit&quot;:&quot;px&quot;,&quot;size&quot;:&quot;&quot;,&quot;sizes&quot;:[]},&quot;classic_row_gap_mobile&quot;:{&quot;unit&quot;:&quot;px&quot;,&quot;size&quot;:&quot;&quot;,&quot;sizes&quot;:[]}}\" data-widget_type=\"posts.classic\">\n\t\t\t\t<div class=\"elementor-widget-container\">\n\t\t\t\t\t\t\t<div class=\"elementor-posts-container elementor-posts elementor-posts--skin-classic elementor-grid\" role=\"list\">\n\t\t\t\t<article class=\"elementor-post elementor-grid-item post-24439 post type-post status-publish format-standard has-post-thumbnail hentry category-profesionales\" role=\"listitem\">\n\t\t\t\t<a class=\"elementor-post__thumbnail__link\" href=\"https:\/\/www.pressensa.shop\/fr\/forehead-lift-pro-pack-traitement-professionnel-des-rides-du-front\/\" tabindex=\"-1\" >\n\t\t\t<div class=\"elementor-post__thumbnail\"><img loading=\"lazy\" decoding=\"async\" width=\"450\" height=\"450\" src=\"https:\/\/www.pressensa.shop\/wp-content\/uploads\/2025\/11\/PACK-FOREHEAD-4-1-450x450.webp\" class=\"attachment-medium size-medium wp-image-24433\" alt=\"\" srcset=\"https:\/\/www.pressensa.shop\/wp-content\/uploads\/2025\/11\/PACK-FOREHEAD-4-1-450x450.webp 450w, https:\/\/www.pressensa.shop\/wp-content\/uploads\/2025\/11\/PACK-FOREHEAD-4-1-720x720.webp 720w, https:\/\/www.pressensa.shop\/wp-content\/uploads\/2025\/11\/PACK-FOREHEAD-4-1-768x768.webp 768w, https:\/\/www.pressensa.shop\/wp-content\/uploads\/2025\/11\/PACK-FOREHEAD-4-1-1536x1536.webp 1536w, https:\/\/www.pressensa.shop\/wp-content\/uploads\/2025\/11\/PACK-FOREHEAD-4-1-400x400.webp 400w, https:\/\/www.pressensa.shop\/wp-content\/uploads\/2025\/11\/PACK-FOREHEAD-4-1-800x800.webp 800w, https:\/\/www.pressensa.shop\/wp-content\/uploads\/2025\/11\/PACK-FOREHEAD-4-1-100x100.webp 100w, https:\/\/www.pressensa.shop\/wp-content\/uploads\/2025\/11\/PACK-FOREHEAD-4-1.webp 1920w\" sizes=\"(max-width: 450px) 100vw, 450px\" \/><\/div>\n\t\t<\/a>\n\t\t\t\t<div class=\"elementor-post__text\">\n\t\t\t\t<h3 class=\"elementor-post__title\">\n\t\t\t<a href=\"https:\/\/www.pressensa.shop\/fr\/forehead-lift-pro-pack-traitement-professionnel-des-rides-du-front\/\" >\n\t\t\t\tForehead Lift Pro Pack : Traitement professionnel des rides du front\t\t\t<\/a>\n\t\t<\/h3>\n\t\t\t\t<div class=\"elementor-post__meta-data\">\n\t\t\t\t\t<span class=\"elementor-post-date\">\n\t\t\t25 novembre 2025\t\t<\/span>\n\t\t\t\t<span class=\"elementor-post-avatar\">\n\t\t\tAucun commentaire\t\t<\/span>\n\t\t\t\t<\/div>\n\t\t\t\t<div class=\"elementor-post__excerpt\">\n\t\t\t<p>Les rides du front sont l\u2019un des signes de vieillissement les plus visibles et les plus difficiles \u00e0 traiter. La tension constante du muscle frontal, les expressions faciales et la perte progressive de collag\u00e8ne font que cette zone n\u00e9cessite des soins tr\u00e8s sp\u00e9cifiques. Pour r\u00e9pondre \u00e0 ce besoin, le Forehead Lift Pro Pack est n\u00e9,<\/p>\n\t\t<\/div>\n\t\t\n\t\t<a class=\"elementor-post__read-more\" href=\"https:\/\/www.pressensa.shop\/fr\/forehead-lift-pro-pack-traitement-professionnel-des-rides-du-front\/\" aria-label=\"En savoir plus sur Forehead Lift Pro Pack : Traitement professionnel des rides du front\" tabindex=\"-1\" >\n\t\t\tLire plus \"\t\t<\/a>\n\n\t\t\t\t<\/div>\n\t\t\t\t<\/article>\n\t\t\t\t<article class=\"elementor-post elementor-grid-item post-22902 post type-post status-publish format-standard has-post-thumbnail hentry category-profesionales\" role=\"listitem\">\n\t\t\t\t<a class=\"elementor-post__thumbnail__link\" href=\"https:\/\/www.pressensa.shop\/fr\/les-actifs-incontournables-dans-votre-clinique-cet-automne\/\" tabindex=\"-1\" >\n\t\t\t<div class=\"elementor-post__thumbnail\"><img loading=\"lazy\" decoding=\"async\" width=\"450\" height=\"450\" src=\"https:\/\/www.pressensa.shop\/wp-content\/uploads\/2025\/09\/Cremas-Hidratantes-20-1-450x450.jpg\" class=\"attachment-medium size-medium wp-image-22914\" alt=\"Activos esenciales en tu cl\u00ednica para preparar la piel de tus pacientes para el oto\u00f1o\" srcset=\"https:\/\/www.pressensa.shop\/wp-content\/uploads\/2025\/09\/Cremas-Hidratantes-20-1-450x450.jpg 450w, https:\/\/www.pressensa.shop\/wp-content\/uploads\/2025\/09\/Cremas-Hidratantes-20-1-720x720.jpg 720w, https:\/\/www.pressensa.shop\/wp-content\/uploads\/2025\/09\/Cremas-Hidratantes-20-1-768x768.jpg 768w, https:\/\/www.pressensa.shop\/wp-content\/uploads\/2025\/09\/Cremas-Hidratantes-20-1-1536x1536.jpg 1536w, https:\/\/www.pressensa.shop\/wp-content\/uploads\/2025\/09\/Cremas-Hidratantes-20-1-400x400.jpg 400w, https:\/\/www.pressensa.shop\/wp-content\/uploads\/2025\/09\/Cremas-Hidratantes-20-1-800x800.jpg 800w, https:\/\/www.pressensa.shop\/wp-content\/uploads\/2025\/09\/Cremas-Hidratantes-20-1-100x100.jpg 100w, https:\/\/www.pressensa.shop\/wp-content\/uploads\/2025\/09\/Cremas-Hidratantes-20-1.jpg 1920w\" sizes=\"(max-width: 450px) 100vw, 450px\" \/><\/div>\n\t\t<\/a>\n\t\t\t\t<div class=\"elementor-post__text\">\n\t\t\t\t<h3 class=\"elementor-post__title\">\n\t\t\t<a href=\"https:\/\/www.pressensa.shop\/fr\/les-actifs-incontournables-dans-votre-clinique-cet-automne\/\" >\n\t\t\t\tLes actifs incontournables dans votre clinique cet automne\t\t\t<\/a>\n\t\t<\/h3>\n\t\t\t\t<div class=\"elementor-post__meta-data\">\n\t\t\t\t\t<span class=\"elementor-post-date\">\n\t\t\t16 septembre 2025\t\t<\/span>\n\t\t\t\t<span class=\"elementor-post-avatar\">\n\t\t\tAucun commentaire\t\t<\/span>\n\t\t\t\t<\/div>\n\t\t\t\t<div class=\"elementor-post__excerpt\">\n\t\t\t<p>L\u2019automne marque le d\u00e9but d\u2019une nouvelle \u00e9tape dans le soin de la peau. Apr\u00e8s les exc\u00e8s de l\u2019\u00e9t\u00e9 \u2014 exposition solaire, chlore, transpiration et pollution \u2014 la peau a besoin d\u2019un plan d\u2019action qui lui redonne \u00e9clat, fermet\u00e9 et hydratation en profondeur. Pour les professionnels de l\u2019esth\u00e9tique, il est essentiel de s\u00e9lectionner des actifs cosm\u00e9tiques<\/p>\n\t\t<\/div>\n\t\t\n\t\t<a class=\"elementor-post__read-more\" href=\"https:\/\/www.pressensa.shop\/fr\/les-actifs-incontournables-dans-votre-clinique-cet-automne\/\" aria-label=\"En savoir plus sur Les actifs incontournables dans votre clinique cet automne\" tabindex=\"-1\" >\n\t\t\tLire plus \"\t\t<\/a>\n\n\t\t\t\t<\/div>\n\t\t\t\t<\/article>\n\t\t\t\t<article class=\"elementor-post elementor-grid-item post-22714 post type-post status-publish format-standard has-post-thumbnail hentry category-profesionales\" role=\"listitem\">\n\t\t\t\t<a class=\"elementor-post__thumbnail__link\" href=\"https:\/\/www.pressensa.shop\/fr\/protocole-professionnel-anti-acne-en-cabine\/\" tabindex=\"-1\" >\n\t\t\t<div class=\"elementor-post__thumbnail\"><img loading=\"lazy\" decoding=\"async\" width=\"450\" height=\"450\" src=\"https:\/\/www.pressensa.shop\/wp-content\/uploads\/2025\/08\/Cremas-Hidratantes-19-450x450.jpg\" class=\"attachment-medium size-medium wp-image-22708\" alt=\"Protocolo profesional antiacn\u00e9 en cabina\" srcset=\"https:\/\/www.pressensa.shop\/wp-content\/uploads\/2025\/08\/Cremas-Hidratantes-19-450x450.jpg 450w, https:\/\/www.pressensa.shop\/wp-content\/uploads\/2025\/08\/Cremas-Hidratantes-19-720x720.jpg 720w, https:\/\/www.pressensa.shop\/wp-content\/uploads\/2025\/08\/Cremas-Hidratantes-19-768x768.jpg 768w, https:\/\/www.pressensa.shop\/wp-content\/uploads\/2025\/08\/Cremas-Hidratantes-19-1536x1536.jpg 1536w, https:\/\/www.pressensa.shop\/wp-content\/uploads\/2025\/08\/Cremas-Hidratantes-19-400x400.jpg 400w, https:\/\/www.pressensa.shop\/wp-content\/uploads\/2025\/08\/Cremas-Hidratantes-19-800x800.jpg 800w, https:\/\/www.pressensa.shop\/wp-content\/uploads\/2025\/08\/Cremas-Hidratantes-19-100x100.jpg 100w, https:\/\/www.pressensa.shop\/wp-content\/uploads\/2025\/08\/Cremas-Hidratantes-19.jpg 1920w\" sizes=\"(max-width: 450px) 100vw, 450px\" \/><\/div>\n\t\t<\/a>\n\t\t\t\t<div class=\"elementor-post__text\">\n\t\t\t\t<h3 class=\"elementor-post__title\">\n\t\t\t<a href=\"https:\/\/www.pressensa.shop\/fr\/protocole-professionnel-anti-acne-en-cabine\/\" >\n\t\t\t\tProtocole professionnel anti-acn\u00e9 en cabine\t\t\t<\/a>\n\t\t<\/h3>\n\t\t\t\t<div class=\"elementor-post__meta-data\">\n\t\t\t\t\t<span class=\"elementor-post-date\">\n\t\t\t13 ao\u00fbt 2025\t\t<\/span>\n\t\t\t\t<span class=\"elementor-post-avatar\">\n\t\t\tAucun commentaire\t\t<\/span>\n\t\t\t\t<\/div>\n\t\t\t\t<div class=\"elementor-post__excerpt\">\n\t\t\t<p>L\u2019acn\u00e9 est l\u2019un des probl\u00e8mes cutan\u00e9s les plus fr\u00e9quents en consultation esth\u00e9tique, affectant aussi bien les adolescents que les adultes. Bien que souvent associ\u00e9e \u00e0 l\u2019adolescence, de plus en plus d\u2019adultes consultent pour des pouss\u00e9es persistantes ou des marques post-acn\u00e9iques. Un traitement professionnel en cabine ne doit pas seulement viser \u00e0 \u00e9liminer les imperfections visibles,<\/p>\n\t\t<\/div>\n\t\t\n\t\t<a class=\"elementor-post__read-more\" href=\"https:\/\/www.pressensa.shop\/fr\/protocole-professionnel-anti-acne-en-cabine\/\" aria-label=\"En savoir plus sur Protocole professionnel anti-acn\u00e9 en cabine\" tabindex=\"-1\" >\n\t\t\tLire plus \"\t\t<\/a>\n\n\t\t\t\t<\/div>\n\t\t\t\t<\/article>\n\t\t\t\t<article class=\"elementor-post elementor-grid-item post-22556 post type-post status-publish format-standard has-post-thumbnail hentry category-profesionales\" role=\"listitem\">\n\t\t\t\t<a class=\"elementor-post__thumbnail__link\" href=\"https:\/\/www.pressensa.shop\/fr\/formation-esthetique-professionnelle-2025\/\" tabindex=\"-1\" >\n\t\t\t<div class=\"elementor-post__thumbnail\"><img loading=\"lazy\" decoding=\"async\" width=\"450\" height=\"450\" src=\"https:\/\/www.pressensa.shop\/wp-content\/uploads\/2025\/06\/Formacion-profesional-estetica-450x450.jpg\" class=\"attachment-medium size-medium wp-image-22550\" alt=\"\" srcset=\"https:\/\/www.pressensa.shop\/wp-content\/uploads\/2025\/06\/Formacion-profesional-estetica-450x450.jpg 450w, https:\/\/www.pressensa.shop\/wp-content\/uploads\/2025\/06\/Formacion-profesional-estetica-720x720.jpg 720w, https:\/\/www.pressensa.shop\/wp-content\/uploads\/2025\/06\/Formacion-profesional-estetica-768x768.jpg 768w, https:\/\/www.pressensa.shop\/wp-content\/uploads\/2025\/06\/Formacion-profesional-estetica-1536x1536.jpg 1536w, https:\/\/www.pressensa.shop\/wp-content\/uploads\/2025\/06\/Formacion-profesional-estetica-400x400.jpg 400w, https:\/\/www.pressensa.shop\/wp-content\/uploads\/2025\/06\/Formacion-profesional-estetica-800x800.jpg 800w, https:\/\/www.pressensa.shop\/wp-content\/uploads\/2025\/06\/Formacion-profesional-estetica-100x100.jpg 100w, https:\/\/www.pressensa.shop\/wp-content\/uploads\/2025\/06\/Formacion-profesional-estetica.jpg 1920w\" sizes=\"(max-width: 450px) 100vw, 450px\" \/><\/div>\n\t\t<\/a>\n\t\t\t\t<div class=\"elementor-post__text\">\n\t\t\t\t<h3 class=\"elementor-post__title\">\n\t\t\t<a href=\"https:\/\/www.pressensa.shop\/fr\/formation-esthetique-professionnelle-2025\/\" >\n\t\t\t\tFormation Esth\u00e9tique Professionnelle 2025\t\t\t<\/a>\n\t\t<\/h3>\n\t\t\t\t<div class=\"elementor-post__meta-data\">\n\t\t\t\t\t<span class=\"elementor-post-date\">\n\t\t\t26 juin 2025\t\t<\/span>\n\t\t\t\t<span class=\"elementor-post-avatar\">\n\t\t\tAucun commentaire\t\t<\/span>\n\t\t\t\t<\/div>\n\t\t\t\t<div class=\"elementor-post__excerpt\">\n\t\t\t<p>\u00c0 l\u2019approche de septembre, de nombreux professionnels du secteur esth\u00e9tique se demandent comment continuer \u00e0 progresser et am\u00e9liorer leurs comp\u00e9tences. La r\u00e9ponse est claire : investir dans une formation esth\u00e9tique professionnelle solide, actualis\u00e9e et reconnue. Chez Pressensa, nous avons con\u00e7u un programme sp\u00e9cialement pens\u00e9 pour celles et ceux qui souhaitent se d\u00e9marquer dans le domaine<\/p>\n\t\t<\/div>\n\t\t\n\t\t<a class=\"elementor-post__read-more\" href=\"https:\/\/www.pressensa.shop\/fr\/formation-esthetique-professionnelle-2025\/\" aria-label=\"En savoir plus sur Formation Esth\u00e9tique Professionnelle 2025\" tabindex=\"-1\" >\n\t\t\tLire plus \"\t\t<\/a>\n\n\t\t\t\t<\/div>\n\t\t\t\t<\/article>\n\t\t\t\t<article class=\"elementor-post elementor-grid-item post-22358 post type-post status-publish format-standard has-post-thumbnail hentry category-profesionales tag-lifter-essence tag-pressensa\" role=\"listitem\">\n\t\t\t\t<a class=\"elementor-post__thumbnail__link\" href=\"https:\/\/www.pressensa.shop\/fr\/dmae-dans-les-traitements-anti-age-professionnels-avec-lifter-essence\/\" tabindex=\"-1\" >\n\t\t\t<div class=\"elementor-post__thumbnail\"><img loading=\"lazy\" decoding=\"async\" width=\"450\" height=\"450\" src=\"https:\/\/www.pressensa.shop\/wp-content\/uploads\/2025\/06\/Imagenes-con-podios-17-450x450.jpg\" class=\"attachment-medium size-medium wp-image-22351\" alt=\"\" srcset=\"https:\/\/www.pressensa.shop\/wp-content\/uploads\/2025\/06\/Imagenes-con-podios-17-450x450.jpg 450w, https:\/\/www.pressensa.shop\/wp-content\/uploads\/2025\/06\/Imagenes-con-podios-17-720x720.jpg 720w, https:\/\/www.pressensa.shop\/wp-content\/uploads\/2025\/06\/Imagenes-con-podios-17-768x768.jpg 768w, https:\/\/www.pressensa.shop\/wp-content\/uploads\/2025\/06\/Imagenes-con-podios-17-400x400.jpg 400w, https:\/\/www.pressensa.shop\/wp-content\/uploads\/2025\/06\/Imagenes-con-podios-17-800x800.jpg 800w, https:\/\/www.pressensa.shop\/wp-content\/uploads\/2025\/06\/Imagenes-con-podios-17-100x100.jpg 100w, https:\/\/www.pressensa.shop\/wp-content\/uploads\/2025\/06\/Imagenes-con-podios-17.jpg 1500w\" sizes=\"(max-width: 450px) 100vw, 450px\" \/><\/div>\n\t\t<\/a>\n\t\t\t\t<div class=\"elementor-post__text\">\n\t\t\t\t<h3 class=\"elementor-post__title\">\n\t\t\t<a href=\"https:\/\/www.pressensa.shop\/fr\/dmae-dans-les-traitements-anti-age-professionnels-avec-lifter-essence\/\" >\n\t\t\t\tDMAE dans les traitements anti-\u00e2ge professionnels avec Lifter Essence\t\t\t<\/a>\n\t\t<\/h3>\n\t\t\t\t<div class=\"elementor-post__meta-data\">\n\t\t\t\t\t<span class=\"elementor-post-date\">\n\t\t\t3 juin 2025\t\t<\/span>\n\t\t\t\t<span class=\"elementor-post-avatar\">\n\t\t\tAucun commentaire\t\t<\/span>\n\t\t\t\t<\/div>\n\t\t\t\t<div class=\"elementor-post__excerpt\">\n\t\t\t<p>Dans la qu\u00eate constante de solutions efficaces contre les signes du vieillissement, le DMAE (Dim\u00e9thylamino\u00e9thanol) s\u2019est impos\u00e9 comme l\u2019un des ingr\u00e9dients phares de la m\u00e9decine esth\u00e9tique moderne. Cet actif puissant est pr\u00e9sent dans le Lifter Essence Ampoule Raffermissante 3 %, un produit professionnel haute performance con\u00e7u pour les s\u00e9ances de raffermissement du visage et du<\/p>\n\t\t<\/div>\n\t\t\n\t\t<a class=\"elementor-post__read-more\" href=\"https:\/\/www.pressensa.shop\/fr\/dmae-dans-les-traitements-anti-age-professionnels-avec-lifter-essence\/\" aria-label=\"En savoir plus sur DMAE dans les traitements anti-\u00e2ge professionnels avec Lifter Essence\" tabindex=\"-1\" >\n\t\t\tLire plus \"\t\t<\/a>\n\n\t\t\t\t<\/div>\n\t\t\t\t<\/article>\n\t\t\t\t<article class=\"elementor-post elementor-grid-item post-22010 post type-post status-publish format-standard has-post-thumbnail hentry category-profesionales tag-ampolla-celulite tag-pack-verano tag-profirming tag-reducelite tag-tratamiento-anticelulitico tag-tratamientos-corporales\" role=\"listitem\">\n\t\t\t\t<a class=\"elementor-post__thumbnail__link\" href=\"https:\/\/www.pressensa.shop\/tratamiento-anticelulitico-pressensa\/\" tabindex=\"-1\" >\n\t\t\t<div class=\"elementor-post__thumbnail\"><img loading=\"lazy\" decoding=\"async\" width=\"450\" height=\"450\" src=\"https:\/\/www.pressensa.shop\/wp-content\/uploads\/2025\/04\/Diseno-sin-titulo-96-1-450x450.jpg\" class=\"attachment-medium size-medium wp-image-22043\" alt=\"Pack Verano, compuesto por Reducelite, Profirming y la ampolla Celulite\" srcset=\"https:\/\/www.pressensa.shop\/wp-content\/uploads\/2025\/04\/Diseno-sin-titulo-96-1-450x450.jpg 450w, https:\/\/www.pressensa.shop\/wp-content\/uploads\/2025\/04\/Diseno-sin-titulo-96-1-720x720.jpg 720w, https:\/\/www.pressensa.shop\/wp-content\/uploads\/2025\/04\/Diseno-sin-titulo-96-1-768x768.jpg 768w, https:\/\/www.pressensa.shop\/wp-content\/uploads\/2025\/04\/Diseno-sin-titulo-96-1-400x400.jpg 400w, https:\/\/www.pressensa.shop\/wp-content\/uploads\/2025\/04\/Diseno-sin-titulo-96-1-800x800.jpg 800w, https:\/\/www.pressensa.shop\/wp-content\/uploads\/2025\/04\/Diseno-sin-titulo-96-1-100x100.jpg 100w, https:\/\/www.pressensa.shop\/wp-content\/uploads\/2025\/04\/Diseno-sin-titulo-96-1.jpg 1500w\" sizes=\"(max-width: 450px) 100vw, 450px\" \/><\/div>\n\t\t<\/a>\n\t\t\t\t<div class=\"elementor-post__text\">\n\t\t\t\t<h3 class=\"elementor-post__title\">\n\t\t\t<a href=\"https:\/\/www.pressensa.shop\/tratamiento-anticelulitico-pressensa\/\" >\n\t\t\t\tEl tratamiento anticelul\u00edtico profesional m\u00e1s eficaz para el verano\t\t\t<\/a>\n\t\t<\/h3>\n\t\t\t\t<div class=\"elementor-post__meta-data\">\n\t\t\t\t\t<span class=\"elementor-post-date\">\n\t\t\t5 mai 2025\t\t<\/span>\n\t\t\t\t<span class=\"elementor-post-avatar\">\n\t\t\tAucun commentaire\t\t<\/span>\n\t\t\t\t<\/div>\n\t\t\t\t<div class=\"elementor-post__excerpt\">\n\t\t\t<p>Con la llegada de la temporada estival, la demanda de tratamientos corporales en centros est\u00e9ticos se incrementa notablemente. La preocupaci\u00f3n por mejorar el aspecto de la piel, reducir la celulitis y tonificar las zonas m\u00e1s conflictivas se convierte en una prioridad para muchas personas. Como profesionales, es fundamental contar con protocolos eficaces, seguros y bien<\/p>\n\t\t<\/div>\n\t\t\n\t\t<a class=\"elementor-post__read-more\" href=\"https:\/\/www.pressensa.shop\/tratamiento-anticelulitico-pressensa\/\" aria-label=\"En savoir plus sur El tratamiento anticelul\u00edtico profesional m\u00e1s eficaz para el verano\" tabindex=\"-1\" >\n\t\t\tLire plus \"\t\t<\/a>\n\n\t\t\t\t<\/div>\n\t\t\t\t<\/article>\n\t\t\t\t<\/div>\n\t\t\n\t\t\t\t\t\t<\/div>\n\t\t\t\t<\/div>\n\t\t\t\t\t<\/div>\n\t\t<\/div>\n\t\t\t\t\t<\/div>\n\t\t<\/section>\n\t\t\t\t<section class=\"elementor-section elementor-inner-section elementor-element elementor-element-f0f09fe elementor-hidden-desktop elementor-hidden-tablet elementor-hidden-mobile elementor-section-boxed elementor-section-height-default elementor-section-height-default\" data-id=\"f0f09fe\" data-element_type=\"section\" data-e-type=\"section\">\n\t\t\t\t\t\t<div class=\"elementor-container elementor-column-gap-default\">\n\t\t\t\t\t<div class=\"elementor-column elementor-col-100 elementor-inner-column elementor-element elementor-element-37deb63\" data-id=\"37deb63\" data-element_type=\"column\" data-e-type=\"column\">\n\t\t\t<div class=\"elementor-widget-wrap elementor-element-populated\">\n\t\t\t\t\t\t<div class=\"elementor-element elementor-element-888b089 elementor-widget elementor-widget-heading\" data-id=\"888b089\" data-element_type=\"widget\" data-e-type=\"widget\" data-widget_type=\"heading.default\">\n\t\t\t\t\t<h3 class=\"elementor-heading-title elementor-size-default\">Suivez-nous sur les m\u00e9dias sociaux :<\/h3>\t\t\t\t<\/div>\n\t\t\t\t<div class=\"elementor-element elementor-element-9cce53f elementor-widget elementor-widget-shortcode\" data-id=\"9cce53f\" data-element_type=\"widget\" data-e-type=\"widget\" data-widget_type=\"shortcode.default\">\n\t\t\t\t\t\t\t<div class=\"elementor-shortcode\">[instagram-feed feed=\"1\"]<\/div>\n\t\t\t\t\t\t<\/div>\n\t\t\t\t\t<\/div>\n\t\t<\/div>\n\t\t\t\t\t<\/div>\n\t\t<\/section>\n\t\t\t\t<section class=\"elementor-section elementor-inner-section elementor-element elementor-element-dace9f8 elementor-hidden-desktop elementor-hidden-tablet elementor-hidden-mobile elementor-section-boxed elementor-section-height-default elementor-section-height-default\" data-id=\"dace9f8\" data-element_type=\"section\" data-e-type=\"section\">\n\t\t\t\t\t\t<div class=\"elementor-container elementor-column-gap-default\">\n\t\t\t\t\t<div class=\"elementor-column elementor-col-100 elementor-inner-column elementor-element elementor-element-0fd1474\" data-id=\"0fd1474\" data-element_type=\"column\" data-e-type=\"column\">\n\t\t\t<div class=\"elementor-widget-wrap elementor-element-populated\">\n\t\t\t\t\t\t<div class=\"elementor-element elementor-element-326739b elementor-widget elementor-widget-blog-comments\" data-id=\"326739b\" data-element_type=\"widget\" data-e-type=\"widget\" data-widget_type=\"blog-comments.default\">\n\t\t\t\t<div class=\"elementor-widget-container\">\n\t\t\t\t\t            <div class=\"tbfe-pro-elementor-comments\">\n                <div class=\"tbfe-pro-elementor-feed-title\">\n                                            <span class=\"tbfe-pro-elementor-icon elementor-button-icon tbfe-pro-elementor-icon elementor-align-icon-left\">\n                            <svg aria-hidden=\"true\" class=\"e-font-icon-svg e-fas-comments\" viewBox=\"0 0 576 512\" xmlns=\"http:\/\/www.w3.org\/2000\/svg\"><path d=\"M416 192c0-88.4-93.1-160-208-160S0 103.6 0 192c0 34.3 14.1 65.9 38 92-13.4 30.2-35.5 54.2-35.8 54.5-2.2 2.3-2.8 5.7-1.5 8.7S4.8 352 8 352c36.6 0 66.9-12.3 88.7-25 32.2 15.7 70.3 25 111.3 25 114.9 0 208-71.6 208-160zm122 220c23.9-26 38-57.7 38-92 0-66.9-53.5-124.2-129.3-148.1.9 6.6 1.3 13.3 1.3 20.1 0 105.9-107.7 192-240 192-10.8 0-21.3-.8-31.7-1.9C207.8 439.6 281.8 480 368 480c41 0 79.1-9.2 111.3-25 21.8 12.7 52.1 25 88.7 25 3.2 0 6.1-1.9 7.3-4.8 1.3-2.9.7-6.3-1.5-8.7-.3-.3-22.4-24.2-35.8-54.5z\"><\/path><\/svg>                        <\/span>\n                                        <span class=\"tbfe-pro-elementor-icon elementor-button-text\"><\/span>\n                    <span>\n                        <a href=\"https:\/\/www.pressensa.shop\/tratamiento-anticelulitico-pressensa\/#comments\" rel=\"nofollow\" title=\"Comment on El tratamiento anticelul\u00edtico profesional m\u00e1s eficaz para el verano\">\n                            2                        <\/a>\n                    <\/span>\n                <\/div>\n            <\/div>\n            \t\t\t\t<\/div>\n\t\t\t\t<\/div>\n\t\t\t\t\t<\/div>\n\t\t<\/div>\n\t\t\t\t\t<\/div>\n\t\t<\/section>\n\t\t\t\t\t<\/div>\n\t\t<\/div>\n\t\t\t\t<div class=\"elementor-column elementor-col-33 elementor-top-column elementor-element elementor-element-bc0321d elementor-hidden-tablet elementor-hidden-mobile\" data-id=\"bc0321d\" data-element_type=\"column\" data-e-type=\"column\">\n\t\t\t<div class=\"elementor-widget-wrap\">\n\t\t\t\t\t\t\t<\/div>\n\t\t<\/div>\n\t\t\t\t\t<\/div>\n\t\t<\/section>\n\t\t\t\t<\/div>\n\t\t","protected":false},"excerpt":{"rendered":"<p>Lire la suite : ACC\u00c9DER AU LIVRE DES PROTOCOLES : EBOOK AVEC PLUS DE 10 PROTOCOLES EN M\u00c9DECINE ESTH\u00c9TIQUE Soins \u00e0 domicile Exclusivement pour les professionnels de la m\u00e9decine esth\u00e9tique Suivez-nous sur les m\u00e9dias sociaux : [instagram-feed feed=\u00a0\u00bb1&Prime;] 2<\/p>\n","protected":false},"author":1,"featured_media":0,"parent":0,"menu_order":0,"comment_status":"closed","ping_status":"closed","template":"","meta":{"footnotes":""},"class_list":["post-8090","page","type-page","status-publish","hentry"],"yoast_head":"<!-- This site is optimized with the Yoast SEO plugin v27.5 - https:\/\/yoast.com\/product\/yoast-seo-wordpress\/ -->\n<title>Blog sur la m\u00e9decine esth\u00e9tique et l&#039;esth\u00e9tique<\/title>\n<meta name=\"robots\" content=\"index, follow, max-snippet:-1, max-image-preview:large, max-video-preview:-1\" \/>\n<link rel=\"canonical\" href=\"https:\/\/www.pressensa.shop\/fr\/blog\/\" \/>\n<meta property=\"og:locale\" content=\"fr_FR\" \/>\n<meta property=\"og:type\" content=\"article\" \/>\n<meta property=\"og:title\" content=\"Blog sur la m\u00e9decine esth\u00e9tique et l&#039;esth\u00e9tique\" \/>\n<meta property=\"og:description\" content=\"Lire la suite : ACC\u00c9DER AU LIVRE DES PROTOCOLES : EBOOK AVEC PLUS DE 10 PROTOCOLES EN M\u00c9DECINE ESTH\u00c9TIQUE Soins \u00e0 domicile Exclusivement pour les professionnels de la m\u00e9decine esth\u00e9tique Suivez-nous sur les m\u00e9dias sociaux : [instagram-feed feed=\u00a0\u00bb1&Prime;] 2\" \/>\n<meta property=\"og:url\" content=\"https:\/\/www.pressensa.shop\/fr\/blog\/\" \/>\n<meta property=\"og:site_name\" content=\"Pressensa\" \/>\n<meta property=\"article:modified_time\" content=\"2023-04-27T15:18:27+00:00\" \/>\n<meta property=\"og:image\" content=\"https:\/\/www.pressensa.shop\/wp-content\/uploads\/2022\/09\/libro-protocolos-medicina-estetica-pdf-480x720.png\" \/>\n<meta name=\"twitter:card\" content=\"summary_large_image\" \/>\n<script type=\"application\/ld+json\" class=\"yoast-schema-graph\">{\"@context\":\"https:\\\/\\\/schema.org\",\"@graph\":[{\"@type\":\"WebPage\",\"@id\":\"https:\\\/\\\/www.pressensa.shop\\\/fr\\\/blog\\\/\",\"url\":\"https:\\\/\\\/www.pressensa.shop\\\/fr\\\/blog\\\/\",\"name\":\"Blog sur la m\u00e9decine esth\u00e9tique et l'esth\u00e9tique\",\"isPartOf\":{\"@id\":\"https:\\\/\\\/www.pressensa.shop\\\/fr\\\/#website\"},\"primaryImageOfPage\":{\"@id\":\"https:\\\/\\\/www.pressensa.shop\\\/fr\\\/blog\\\/#primaryimage\"},\"image\":{\"@id\":\"https:\\\/\\\/www.pressensa.shop\\\/fr\\\/blog\\\/#primaryimage\"},\"thumbnailUrl\":\"https:\\\/\\\/www.pressensa.shop\\\/wp-content\\\/uploads\\\/2022\\\/09\\\/libro-protocolos-medicina-estetica-pdf-480x720.png\",\"datePublished\":\"2022-09-12T13:54:28+00:00\",\"dateModified\":\"2023-04-27T15:18:27+00:00\",\"breadcrumb\":{\"@id\":\"https:\\\/\\\/www.pressensa.shop\\\/fr\\\/blog\\\/#breadcrumb\"},\"inLanguage\":\"fr-FR\",\"potentialAction\":[{\"@type\":\"ReadAction\",\"target\":[\"https:\\\/\\\/www.pressensa.shop\\\/fr\\\/blog\\\/\"]}]},{\"@type\":\"ImageObject\",\"inLanguage\":\"fr-FR\",\"@id\":\"https:\\\/\\\/www.pressensa.shop\\\/fr\\\/blog\\\/#primaryimage\",\"url\":\"https:\\\/\\\/www.pressensa.shop\\\/wp-content\\\/uploads\\\/2022\\\/09\\\/libro-protocolos-medicina-estetica-pdf-480x720.png\",\"contentUrl\":\"https:\\\/\\\/www.pressensa.shop\\\/wp-content\\\/uploads\\\/2022\\\/09\\\/libro-protocolos-medicina-estetica-pdf-480x720.png\"},{\"@type\":\"BreadcrumbList\",\"@id\":\"https:\\\/\\\/www.pressensa.shop\\\/fr\\\/blog\\\/#breadcrumb\",\"itemListElement\":[{\"@type\":\"ListItem\",\"position\":1,\"name\":\"Portada\",\"item\":\"https:\\\/\\\/www.pressensa.shop\\\/fr\\\/\"},{\"@type\":\"ListItem\",\"position\":2,\"name\":\"Blog\"}]},{\"@type\":\"WebSite\",\"@id\":\"https:\\\/\\\/www.pressensa.shop\\\/fr\\\/#website\",\"url\":\"https:\\\/\\\/www.pressensa.shop\\\/fr\\\/\",\"name\":\"Pressensa\",\"description\":\"fabricante de productos de dermocosmetica, estetica y medicina est\u00e9tica.\",\"publisher\":{\"@id\":\"https:\\\/\\\/www.pressensa.shop\\\/fr\\\/#organization\"},\"potentialAction\":[{\"@type\":\"SearchAction\",\"target\":{\"@type\":\"EntryPoint\",\"urlTemplate\":\"https:\\\/\\\/www.pressensa.shop\\\/fr\\\/?s={search_term_string}\"},\"query-input\":{\"@type\":\"PropertyValueSpecification\",\"valueRequired\":true,\"valueName\":\"search_term_string\"}}],\"inLanguage\":\"fr-FR\"},{\"@type\":\"Organization\",\"@id\":\"https:\\\/\\\/www.pressensa.shop\\\/fr\\\/#organization\",\"name\":\"Pressensa\",\"url\":\"https:\\\/\\\/www.pressensa.shop\\\/fr\\\/\",\"logo\":{\"@type\":\"ImageObject\",\"inLanguage\":\"fr-FR\",\"@id\":\"https:\\\/\\\/www.pressensa.shop\\\/fr\\\/#\\\/schema\\\/logo\\\/image\\\/\",\"url\":\"https:\\\/\\\/www.pressensa.shop\\\/wp-content\\\/uploads\\\/2022\\\/06\\\/Recurso-24.png\",\"contentUrl\":\"https:\\\/\\\/www.pressensa.shop\\\/wp-content\\\/uploads\\\/2022\\\/06\\\/Recurso-24.png\",\"width\":281,\"height\":131,\"caption\":\"Pressensa\"},\"image\":{\"@id\":\"https:\\\/\\\/www.pressensa.shop\\\/fr\\\/#\\\/schema\\\/logo\\\/image\\\/\"}}]}<\/script>\n<!-- \/ Yoast SEO plugin. -->","yoast_head_json":{"title":"Blog sur la m\u00e9decine esth\u00e9tique et l'esth\u00e9tique","robots":{"index":"index","follow":"follow","max-snippet":"max-snippet:-1","max-image-preview":"max-image-preview:large","max-video-preview":"max-video-preview:-1"},"canonical":"https:\/\/www.pressensa.shop\/fr\/blog\/","og_locale":"fr_FR","og_type":"article","og_title":"Blog sur la m\u00e9decine esth\u00e9tique et l'esth\u00e9tique","og_description":"Lire la suite : ACC\u00c9DER AU LIVRE DES PROTOCOLES : EBOOK AVEC PLUS DE 10 PROTOCOLES EN M\u00c9DECINE ESTH\u00c9TIQUE Soins \u00e0 domicile Exclusivement pour les professionnels de la m\u00e9decine esth\u00e9tique Suivez-nous sur les m\u00e9dias sociaux : [instagram-feed feed=\u00a0\u00bb1&Prime;] 2","og_url":"https:\/\/www.pressensa.shop\/fr\/blog\/","og_site_name":"Pressensa","article_modified_time":"2023-04-27T15:18:27+00:00","og_image":[{"url":"https:\/\/www.pressensa.shop\/wp-content\/uploads\/2022\/09\/libro-protocolos-medicina-estetica-pdf-480x720.png","type":"","width":"","height":""}],"twitter_card":"summary_large_image","schema":{"@context":"https:\/\/schema.org","@graph":[{"@type":"WebPage","@id":"https:\/\/www.pressensa.shop\/fr\/blog\/","url":"https:\/\/www.pressensa.shop\/fr\/blog\/","name":"Blog sur la m\u00e9decine esth\u00e9tique et l'esth\u00e9tique","isPartOf":{"@id":"https:\/\/www.pressensa.shop\/fr\/#website"},"primaryImageOfPage":{"@id":"https:\/\/www.pressensa.shop\/fr\/blog\/#primaryimage"},"image":{"@id":"https:\/\/www.pressensa.shop\/fr\/blog\/#primaryimage"},"thumbnailUrl":"https:\/\/www.pressensa.shop\/wp-content\/uploads\/2022\/09\/libro-protocolos-medicina-estetica-pdf-480x720.png","datePublished":"2022-09-12T13:54:28+00:00","dateModified":"2023-04-27T15:18:27+00:00","breadcrumb":{"@id":"https:\/\/www.pressensa.shop\/fr\/blog\/#breadcrumb"},"inLanguage":"fr-FR","potentialAction":[{"@type":"ReadAction","target":["https:\/\/www.pressensa.shop\/fr\/blog\/"]}]},{"@type":"ImageObject","inLanguage":"fr-FR","@id":"https:\/\/www.pressensa.shop\/fr\/blog\/#primaryimage","url":"https:\/\/www.pressensa.shop\/wp-content\/uploads\/2022\/09\/libro-protocolos-medicina-estetica-pdf-480x720.png","contentUrl":"https:\/\/www.pressensa.shop\/wp-content\/uploads\/2022\/09\/libro-protocolos-medicina-estetica-pdf-480x720.png"},{"@type":"BreadcrumbList","@id":"https:\/\/www.pressensa.shop\/fr\/blog\/#breadcrumb","itemListElement":[{"@type":"ListItem","position":1,"name":"Portada","item":"https:\/\/www.pressensa.shop\/fr\/"},{"@type":"ListItem","position":2,"name":"Blog"}]},{"@type":"WebSite","@id":"https:\/\/www.pressensa.shop\/fr\/#website","url":"https:\/\/www.pressensa.shop\/fr\/","name":"Pressensa","description":"fabricante de productos de dermocosmetica, estetica y medicina est\u00e9tica.","publisher":{"@id":"https:\/\/www.pressensa.shop\/fr\/#organization"},"potentialAction":[{"@type":"SearchAction","target":{"@type":"EntryPoint","urlTemplate":"https:\/\/www.pressensa.shop\/fr\/?s={search_term_string}"},"query-input":{"@type":"PropertyValueSpecification","valueRequired":true,"valueName":"search_term_string"}}],"inLanguage":"fr-FR"},{"@type":"Organization","@id":"https:\/\/www.pressensa.shop\/fr\/#organization","name":"Pressensa","url":"https:\/\/www.pressensa.shop\/fr\/","logo":{"@type":"ImageObject","inLanguage":"fr-FR","@id":"https:\/\/www.pressensa.shop\/fr\/#\/schema\/logo\/image\/","url":"https:\/\/www.pressensa.shop\/wp-content\/uploads\/2022\/06\/Recurso-24.png","contentUrl":"https:\/\/www.pressensa.shop\/wp-content\/uploads\/2022\/06\/Recurso-24.png","width":281,"height":131,"caption":"Pressensa"},"image":{"@id":"https:\/\/www.pressensa.shop\/fr\/#\/schema\/logo\/image\/"}}]}},"_links":{"self":[{"href":"https:\/\/www.pressensa.shop\/fr\/wp-json\/wp\/v2\/pages\/8090","targetHints":{"allow":["GET"]}}],"collection":[{"href":"https:\/\/www.pressensa.shop\/fr\/wp-json\/wp\/v2\/pages"}],"about":[{"href":"https:\/\/www.pressensa.shop\/fr\/wp-json\/wp\/v2\/types\/page"}],"author":[{"embeddable":true,"href":"https:\/\/www.pressensa.shop\/fr\/wp-json\/wp\/v2\/users\/1"}],"replies":[{"embeddable":true,"href":"https:\/\/www.pressensa.shop\/fr\/wp-json\/wp\/v2\/comments?post=8090"}],"version-history":[{"count":0,"href":"https:\/\/www.pressensa.shop\/fr\/wp-json\/wp\/v2\/pages\/8090\/revisions"}],"wp:attachment":[{"href":"https:\/\/www.pressensa.shop\/fr\/wp-json\/wp\/v2\/media?parent=8090"}],"curies":[{"name":"wp","href":"https:\/\/api.w.org\/{rel}","templated":true}]}}