{"id":25041,"date":"2026-01-29T10:04:33","date_gmt":"2026-01-29T09:04:33","guid":{"rendered":"https:\/\/www.pressensa.shop\/?post_type=product&#038;p=25041"},"modified":"2026-05-01T12:30:05","modified_gmt":"2026-05-01T10:30:05","slug":"protocole-acne-professionnel","status":"publish","type":"product","link":"https:\/\/www.pressensa.shop\/fr\/produit\/protocole-acne-professionnel\/","title":{"rendered":"Protocole Professionnel Acn\u00e9"},"content":{"rendered":"<p data-path-to-node=\"9\"><b data-path-to-node=\"9\" data-index-in-node=\"0\">Contenu du Pack :<\/b><\/p>\n<ul data-path-to-node=\"10\">\n<li>\n<p data-path-to-node=\"10,0,0\"><b data-path-to-node=\"10,0,0\" data-index-in-node=\"0\">ScruBright :<\/b> Exfoliant double (m\u00e9canique et enzymatique).<\/p>\n<\/li>\n<li>\n<p data-path-to-node=\"10,1,0\"><b data-path-to-node=\"10,1,0\" data-index-in-node=\"0\">Acnheal :<\/b> 2 Ampoules polyvitamin\u00e9e au silicium organique.<\/p>\n<\/li>\n<li>\n<p data-path-to-node=\"10,3,0\"><b data-path-to-node=\"10,3,0\" data-index-in-node=\"0\">Astringent Mask :<\/b> Masque purifiant au Zinc et \u00e0 l&rsquo;Hamam\u00e9lis.<\/p>\n<\/li>\n<\/ul>\n","protected":false},"excerpt":{"rendered":"<p data-path-to-node=\"12\"><strong>\u00c0 utiliser de pr\u00e9f\u00e9rence avant juillet 2026<\/strong><\/p>\n<p data-path-to-node=\"12\">Ce protocole en trois \u00e9tapes a \u00e9t\u00e9 con\u00e7u pour les peaux grasses, mixtes ou \u00e0 tendance acn\u00e9ique. Il agit de mani\u00e8re globale en purifiant les pores, en contr\u00f4lant la production de s\u00e9bum, en \u00e9liminant les bact\u00e9ries et en acc\u00e9l\u00e9rant la cicatrisation des marques et des taches post-acn\u00e9.<\/p>\n<p data-path-to-node=\"13\"><b data-path-to-node=\"13\" data-index-in-node=\"0\">\u00c9tapes d&rsquo;application :<\/b><\/p>\n<ul>\n<li>\n<p data-path-to-node=\"21,0,0\"><b data-path-to-node=\"21,0,0\" data-index-in-node=\"0\">\u00c9tape 1 : ScruBright.<\/b> Exfoliation double. Appliquer, masser et <b data-path-to-node=\"21,0,0\" data-index-in-node=\"63\">rincer \u00e0 l&rsquo;eau.<\/b><\/p>\n<\/li>\n<li>\n<p data-path-to-node=\"21,1,0\"><b data-path-to-node=\"21,1,0\" data-index-in-node=\"0\">\u00c9tape 2 : Acnheal (Dermapen).<\/b> Utiliser un embout de <b data-path-to-node=\"21,1,0\" data-index-in-node=\"52\">24 micro-aiguilles<\/b>. Profondeur : <b data-path-to-node=\"21,1,0\" data-index-in-node=\"85\">0,4 &#8211; 0,5 mm<\/b>. Travailler la zone pendant <b data-path-to-node=\"21,1,0\" data-index-in-node=\"126\">10 minutes<\/b>.<\/p>\n<\/li>\n<li>\n<p data-path-to-node=\"21,3,0\"><b data-path-to-node=\"21,3,0\" data-index-in-node=\"0\">\u00c9tape 3 : Masque Astringent.<\/b> Appliquer et laisser poser <b data-path-to-node=\"21,3,0\" data-index-in-node=\"56\">15 minutes<\/b>. Ensuite, <b data-path-to-node=\"21,3,0\" data-index-in-node=\"77\">rincer \u00e0 l&rsquo;eau.<\/b><\/p>\n<\/li>\n<\/ul>\n","protected":false},"featured_media":25063,"comment_status":"open","ping_status":"closed","template":"","meta":[],"product_brand":[],"product_cat":[72],"product_tag":[],"class_list":{"0":"post-25041","1":"product","2":"type-product","3":"status-publish","4":"has-post-thumbnail","6":"product_cat-professionnelle","8":"first","9":"instock","10":"taxable","11":"shipping-taxable","12":"purchasable","13":"product-type-simple"},"yoast_head":"<!-- This site is optimized with the Yoast SEO plugin v27.5 - https:\/\/yoast.com\/product\/yoast-seo-wordpress\/ -->\n<title>Protocole Acn\u00e9 Pro pour Dermapen<\/title>\n<meta name=\"description\" content=\"Protocole pro contre l&#039;acn\u00e9 pour Dermapen. Exfoliation double, vitamines Acnheal et masque au Zinc pour r\u00e9guler le s\u00e9bum.\" \/>\n<meta name=\"robots\" content=\"index, follow, max-snippet:-1, max-image-preview:large, max-video-preview:-1\" \/>\n<link rel=\"canonical\" href=\"https:\/\/www.pressensa.shop\/fr\/produit\/protocole-acne-professionnel\/\" \/>\n<meta property=\"og:locale\" content=\"fr_FR\" \/>\n<meta property=\"og:type\" content=\"article\" \/>\n<meta property=\"og:title\" content=\"Protocole Acn\u00e9 Pro pour Dermapen\" \/>\n<meta property=\"og:description\" content=\"Protocole pro contre l&#039;acn\u00e9 pour Dermapen. Exfoliation double, vitamines Acnheal et masque au Zinc pour r\u00e9guler le s\u00e9bum.\" \/>\n<meta property=\"og:url\" content=\"https:\/\/www.pressensa.shop\/fr\/produit\/protocole-acne-professionnel\/\" \/>\n<meta property=\"og:site_name\" content=\"Pressensa\" \/>\n<meta property=\"article:modified_time\" content=\"2026-05-01T10:30:05+00:00\" \/>\n<meta property=\"og:image\" content=\"https:\/\/www.pressensa.shop\/wp-content\/uploads\/2026\/01\/PACK-ACNE.webp\" \/>\n\t<meta property=\"og:image:width\" content=\"2160\" \/>\n\t<meta property=\"og:image:height\" content=\"2160\" \/>\n\t<meta property=\"og:image:type\" content=\"image\/webp\" \/>\n<meta name=\"twitter:card\" content=\"summary_large_image\" \/>\n<script type=\"application\/ld+json\" class=\"yoast-schema-graph\">{\"@context\":\"https:\\\/\\\/schema.org\",\"@graph\":[{\"@type\":\"WebPage\",\"@id\":\"https:\\\/\\\/www.pressensa.shop\\\/fr\\\/produit\\\/protocole-acne-professionnel\\\/\",\"url\":\"https:\\\/\\\/www.pressensa.shop\\\/fr\\\/produit\\\/protocole-acne-professionnel\\\/\",\"name\":\"Protocole Acn\u00e9 Pro pour Dermapen\",\"isPartOf\":{\"@id\":\"https:\\\/\\\/www.pressensa.shop\\\/fr\\\/#website\"},\"primaryImageOfPage\":{\"@id\":\"https:\\\/\\\/www.pressensa.shop\\\/fr\\\/produit\\\/protocole-acne-professionnel\\\/#primaryimage\"},\"image\":{\"@id\":\"https:\\\/\\\/www.pressensa.shop\\\/fr\\\/produit\\\/protocole-acne-professionnel\\\/#primaryimage\"},\"thumbnailUrl\":\"https:\\\/\\\/www.pressensa.shop\\\/wp-content\\\/uploads\\\/2026\\\/01\\\/PACK-ACNE.webp\",\"datePublished\":\"2026-01-29T09:04:33+00:00\",\"dateModified\":\"2026-05-01T10:30:05+00:00\",\"description\":\"Protocole pro contre l'acn\u00e9 pour Dermapen. Exfoliation double, vitamines Acnheal et masque au Zinc pour r\u00e9guler le s\u00e9bum.\",\"breadcrumb\":{\"@id\":\"https:\\\/\\\/www.pressensa.shop\\\/fr\\\/produit\\\/protocole-acne-professionnel\\\/#breadcrumb\"},\"inLanguage\":\"fr-FR\",\"potentialAction\":[{\"@type\":\"ReadAction\",\"target\":[\"https:\\\/\\\/www.pressensa.shop\\\/fr\\\/produit\\\/protocole-acne-professionnel\\\/\"]}]},{\"@type\":\"ImageObject\",\"inLanguage\":\"fr-FR\",\"@id\":\"https:\\\/\\\/www.pressensa.shop\\\/fr\\\/produit\\\/protocole-acne-professionnel\\\/#primaryimage\",\"url\":\"https:\\\/\\\/www.pressensa.shop\\\/wp-content\\\/uploads\\\/2026\\\/01\\\/PACK-ACNE.webp\",\"contentUrl\":\"https:\\\/\\\/www.pressensa.shop\\\/wp-content\\\/uploads\\\/2026\\\/01\\\/PACK-ACNE.webp\",\"width\":2160,\"height\":2160},{\"@type\":\"BreadcrumbList\",\"@id\":\"https:\\\/\\\/www.pressensa.shop\\\/fr\\\/produit\\\/protocole-acne-professionnel\\\/#breadcrumb\",\"itemListElement\":[{\"@type\":\"ListItem\",\"position\":1,\"name\":\"Portada\",\"item\":\"https:\\\/\\\/www.pressensa.shop\\\/fr\\\/\"},{\"@type\":\"ListItem\",\"position\":2,\"name\":\"Boutique\",\"item\":\"https:\\\/\\\/www.pressensa.shop\\\/fr\\\/boutique\\\/\"},{\"@type\":\"ListItem\",\"position\":3,\"name\":\"Protocole Professionnel Acn\u00e9\"}]},{\"@type\":\"WebSite\",\"@id\":\"https:\\\/\\\/www.pressensa.shop\\\/fr\\\/#website\",\"url\":\"https:\\\/\\\/www.pressensa.shop\\\/fr\\\/\",\"name\":\"Pressensa\",\"description\":\"fabricante de productos de dermocosmetica, estetica y medicina est\u00e9tica.\",\"publisher\":{\"@id\":\"https:\\\/\\\/www.pressensa.shop\\\/fr\\\/#organization\"},\"potentialAction\":[{\"@type\":\"SearchAction\",\"target\":{\"@type\":\"EntryPoint\",\"urlTemplate\":\"https:\\\/\\\/www.pressensa.shop\\\/fr\\\/?s={search_term_string}\"},\"query-input\":{\"@type\":\"PropertyValueSpecification\",\"valueRequired\":true,\"valueName\":\"search_term_string\"}}],\"inLanguage\":\"fr-FR\"},{\"@type\":\"Organization\",\"@id\":\"https:\\\/\\\/www.pressensa.shop\\\/fr\\\/#organization\",\"name\":\"Pressensa\",\"url\":\"https:\\\/\\\/www.pressensa.shop\\\/fr\\\/\",\"logo\":{\"@type\":\"ImageObject\",\"inLanguage\":\"fr-FR\",\"@id\":\"https:\\\/\\\/www.pressensa.shop\\\/fr\\\/#\\\/schema\\\/logo\\\/image\\\/\",\"url\":\"https:\\\/\\\/www.pressensa.shop\\\/wp-content\\\/uploads\\\/2022\\\/06\\\/Recurso-24.png\",\"contentUrl\":\"https:\\\/\\\/www.pressensa.shop\\\/wp-content\\\/uploads\\\/2022\\\/06\\\/Recurso-24.png\",\"width\":281,\"height\":131,\"caption\":\"Pressensa\"},\"image\":{\"@id\":\"https:\\\/\\\/www.pressensa.shop\\\/fr\\\/#\\\/schema\\\/logo\\\/image\\\/\"}}]}<\/script>\n<!-- \/ Yoast SEO plugin. -->","yoast_head_json":{"title":"Protocole Acn\u00e9 Pro pour Dermapen","description":"Protocole pro contre l'acn\u00e9 pour Dermapen. Exfoliation double, vitamines Acnheal et masque au Zinc pour r\u00e9guler le s\u00e9bum.","robots":{"index":"index","follow":"follow","max-snippet":"max-snippet:-1","max-image-preview":"max-image-preview:large","max-video-preview":"max-video-preview:-1"},"canonical":"https:\/\/www.pressensa.shop\/fr\/produit\/protocole-acne-professionnel\/","og_locale":"fr_FR","og_type":"article","og_title":"Protocole Acn\u00e9 Pro pour Dermapen","og_description":"Protocole pro contre l'acn\u00e9 pour Dermapen. Exfoliation double, vitamines Acnheal et masque au Zinc pour r\u00e9guler le s\u00e9bum.","og_url":"https:\/\/www.pressensa.shop\/fr\/produit\/protocole-acne-professionnel\/","og_site_name":"Pressensa","article_modified_time":"2026-05-01T10:30:05+00:00","og_image":[{"width":2160,"height":2160,"url":"https:\/\/www.pressensa.shop\/wp-content\/uploads\/2026\/01\/PACK-ACNE.webp","type":"image\/webp"}],"twitter_card":"summary_large_image","schema":{"@context":"https:\/\/schema.org","@graph":[{"@type":"WebPage","@id":"https:\/\/www.pressensa.shop\/fr\/produit\/protocole-acne-professionnel\/","url":"https:\/\/www.pressensa.shop\/fr\/produit\/protocole-acne-professionnel\/","name":"Protocole Acn\u00e9 Pro pour Dermapen","isPartOf":{"@id":"https:\/\/www.pressensa.shop\/fr\/#website"},"primaryImageOfPage":{"@id":"https:\/\/www.pressensa.shop\/fr\/produit\/protocole-acne-professionnel\/#primaryimage"},"image":{"@id":"https:\/\/www.pressensa.shop\/fr\/produit\/protocole-acne-professionnel\/#primaryimage"},"thumbnailUrl":"https:\/\/www.pressensa.shop\/wp-content\/uploads\/2026\/01\/PACK-ACNE.webp","datePublished":"2026-01-29T09:04:33+00:00","dateModified":"2026-05-01T10:30:05+00:00","description":"Protocole pro contre l'acn\u00e9 pour Dermapen. Exfoliation double, vitamines Acnheal et masque au Zinc pour r\u00e9guler le s\u00e9bum.","breadcrumb":{"@id":"https:\/\/www.pressensa.shop\/fr\/produit\/protocole-acne-professionnel\/#breadcrumb"},"inLanguage":"fr-FR","potentialAction":[{"@type":"ReadAction","target":["https:\/\/www.pressensa.shop\/fr\/produit\/protocole-acne-professionnel\/"]}]},{"@type":"ImageObject","inLanguage":"fr-FR","@id":"https:\/\/www.pressensa.shop\/fr\/produit\/protocole-acne-professionnel\/#primaryimage","url":"https:\/\/www.pressensa.shop\/wp-content\/uploads\/2026\/01\/PACK-ACNE.webp","contentUrl":"https:\/\/www.pressensa.shop\/wp-content\/uploads\/2026\/01\/PACK-ACNE.webp","width":2160,"height":2160},{"@type":"BreadcrumbList","@id":"https:\/\/www.pressensa.shop\/fr\/produit\/protocole-acne-professionnel\/#breadcrumb","itemListElement":[{"@type":"ListItem","position":1,"name":"Portada","item":"https:\/\/www.pressensa.shop\/fr\/"},{"@type":"ListItem","position":2,"name":"Boutique","item":"https:\/\/www.pressensa.shop\/fr\/boutique\/"},{"@type":"ListItem","position":3,"name":"Protocole Professionnel Acn\u00e9"}]},{"@type":"WebSite","@id":"https:\/\/www.pressensa.shop\/fr\/#website","url":"https:\/\/www.pressensa.shop\/fr\/","name":"Pressensa","description":"fabricante de productos de dermocosmetica, estetica y medicina est\u00e9tica.","publisher":{"@id":"https:\/\/www.pressensa.shop\/fr\/#organization"},"potentialAction":[{"@type":"SearchAction","target":{"@type":"EntryPoint","urlTemplate":"https:\/\/www.pressensa.shop\/fr\/?s={search_term_string}"},"query-input":{"@type":"PropertyValueSpecification","valueRequired":true,"valueName":"search_term_string"}}],"inLanguage":"fr-FR"},{"@type":"Organization","@id":"https:\/\/www.pressensa.shop\/fr\/#organization","name":"Pressensa","url":"https:\/\/www.pressensa.shop\/fr\/","logo":{"@type":"ImageObject","inLanguage":"fr-FR","@id":"https:\/\/www.pressensa.shop\/fr\/#\/schema\/logo\/image\/","url":"https:\/\/www.pressensa.shop\/wp-content\/uploads\/2022\/06\/Recurso-24.png","contentUrl":"https:\/\/www.pressensa.shop\/wp-content\/uploads\/2022\/06\/Recurso-24.png","width":281,"height":131,"caption":"Pressensa"},"image":{"@id":"https:\/\/www.pressensa.shop\/fr\/#\/schema\/logo\/image\/"}}]}},"_links":{"self":[{"href":"https:\/\/www.pressensa.shop\/fr\/wp-json\/wp\/v2\/product\/25041","targetHints":{"allow":["GET"]}}],"collection":[{"href":"https:\/\/www.pressensa.shop\/fr\/wp-json\/wp\/v2\/product"}],"about":[{"href":"https:\/\/www.pressensa.shop\/fr\/wp-json\/wp\/v2\/types\/product"}],"replies":[{"embeddable":true,"href":"https:\/\/www.pressensa.shop\/fr\/wp-json\/wp\/v2\/comments?post=25041"}],"version-history":[{"count":0,"href":"https:\/\/www.pressensa.shop\/fr\/wp-json\/wp\/v2\/product\/25041\/revisions"}],"wp:featuredmedia":[{"embeddable":true,"href":"https:\/\/www.pressensa.shop\/fr\/wp-json\/wp\/v2\/media\/25063"}],"wp:attachment":[{"href":"https:\/\/www.pressensa.shop\/fr\/wp-json\/wp\/v2\/media?parent=25041"}],"wp:term":[{"taxonomy":"product_brand","embeddable":true,"href":"https:\/\/www.pressensa.shop\/fr\/wp-json\/wp\/v2\/product_brand?post=25041"},{"taxonomy":"product_cat","embeddable":true,"href":"https:\/\/www.pressensa.shop\/fr\/wp-json\/wp\/v2\/product_cat?post=25041"},{"taxonomy":"product_tag","embeddable":true,"href":"https:\/\/www.pressensa.shop\/fr\/wp-json\/wp\/v2\/product_tag?post=25041"}],"curies":[{"name":"wp","href":"https:\/\/api.w.org\/{rel}","templated":true}]}}