{"id":5154,"date":"2022-07-22T13:04:51","date_gmt":"2022-07-22T11:04:51","guid":{"rendered":"https:\/\/www.presensa.com\/producto\/intense-c-vitaserum\/"},"modified":"2026-01-19T13:09:31","modified_gmt":"2026-01-19T12:09:31","slug":"serum-vitamina-c","status":"publish","type":"product","link":"https:\/\/www.pressensa.shop\/fr\/produit\/serum-vitamina-c\/","title":{"rendered":"Intense C VitaSerum"},"content":{"rendered":"<p><strong>Composants<\/strong><\/p>\n<h3>ARGIRELOX TM peptide<\/h3>\n<h3>Vitamine C<\/h3>\n<h3>HUILE DE ROSE MUSQU\u00c9E<\/h3>\n<h3>SILICIUM ORGANIQUE<\/h3>\n<h3>ACIDE HYALURONIQUE<\/h3>\n<h3>EXTRAIT DE GINKGO BILOBA,<\/h3>\n<h3>LEUPHASYL\u00ae<\/h3>\n<p>Seulement disponible en petite taille<\/p>\n","protected":false},"excerpt":{"rendered":"<h2>S\u00e9rum Vitamine C et Argirelox TM<\/h2>\n<p><strong>Intense C+ VitaSerum<\/strong> est un <strong>s\u00e9rum antioxydant quotidien<\/strong> riche en vitamine C pure, parmi d&rsquo;autres ingr\u00e9dients actifs, <strong>formul\u00e9 pour stimuler la production de collag\u00e8ne<\/strong> et d&rsquo;\u00e9lastine.<\/p>\n<p>&nbsp;<\/p>\n<blockquote><p>Ideal pour le recommender a ton patient s\u2019usage quotidienne apr\u00e8s de traitements de m\u00e9soth\u00e9rapie revitalisant ou antirides. Ce s\u00e9rum <strong>riche en Vitamine C avec Argirelox<\/strong>est le post traitement de m\u00e9soth\u00e9rapie parfait pour visage, cou et d\u00e9collet\u00e9.<\/p><\/blockquote>\n<p>Il agit en synergie pour <strong>combattre les rides<\/strong> (gr\u00e2ce \u00e0 se actif ingr\u00e9dient Argirelox TM peptide Effet Botox),<strong>les signes de l\u2019\u00e2ge et les ridules<\/strong>.<\/p>\n<p>Le<strong>vitamine C du VitaSerum<\/strong> s\u2019agit en capturant les substances oxydantes et les radicaux libres qui sont dans la peau pour les d\u00e9sactiver. Aussi, il augmente l\u2019\u00e9lasticit\u00e9 de la peau, car il favorise la synth\u00e8se de collag\u00e8ne.<\/p>\n<p>De plus, <strong>Intense C+ VitaSerum<\/strong>\u00e0 une <strong>action d\u00e9pigmentant<\/strong> en supprimant le process de la pigmentation et la d\u00e9gradation de la m\u00e9lanine. Et \u00e0 son tour, <strong>il peut pr\u00e9venir la formation de taches de rousseur, de grains de beaut\u00e9 et d&rsquo;hyperpigmentation associ\u00e9e au vieillissement cutan\u00e9.<\/strong><\/p>\n","protected":false},"featured_media":15533,"comment_status":"open","ping_status":"closed","template":"","meta":[],"product_brand":[],"product_cat":[72],"product_tag":[],"class_list":{"0":"post-5154","1":"product","2":"type-product","3":"status-publish","4":"has-post-thumbnail","6":"product_cat-professionnelle","8":"first","9":"instock","10":"taxable","11":"shipping-taxable","12":"purchasable","13":"product-type-simple"},"yoast_head":"<!-- This site is optimized with the Yoast SEO plugin v27.5 - https:\/\/yoast.com\/product\/yoast-seo-wordpress\/ -->\n<title>Acheter serum vitamine C avec Argirelox 30ml<\/title>\n<meta name=\"description\" content=\"Este s\u00e9rum rico en Vitamina C con Argirelox es el postratamiento de mesoterapia perfecto para cara, cuello y escote.\" \/>\n<meta name=\"robots\" content=\"index, follow, max-snippet:-1, max-image-preview:large, max-video-preview:-1\" \/>\n<link rel=\"canonical\" href=\"https:\/\/www.pressensa.shop\/fr\/produit\/serum-vitamina-c\/\" \/>\n<meta property=\"og:locale\" content=\"fr_FR\" \/>\n<meta property=\"og:type\" content=\"article\" \/>\n<meta property=\"og:title\" content=\"Acheter serum vitamine C avec Argirelox 30ml\" \/>\n<meta property=\"og:description\" content=\"Este s\u00e9rum rico en Vitamina C con Argirelox es el postratamiento de mesoterapia perfecto para cara, cuello y escote.\" \/>\n<meta property=\"og:url\" content=\"https:\/\/www.pressensa.shop\/fr\/produit\/serum-vitamina-c\/\" \/>\n<meta property=\"og:site_name\" content=\"Pressensa\" \/>\n<meta property=\"article:modified_time\" content=\"2026-01-19T12:09:31+00:00\" \/>\n<meta property=\"og:image\" content=\"https:\/\/www.pressensa.shop\/wp-content\/uploads\/2022\/06\/SERUM-INTENCE.jpg\" \/>\n\t<meta property=\"og:image:width\" content=\"1920\" \/>\n\t<meta property=\"og:image:height\" content=\"1920\" \/>\n\t<meta property=\"og:image:type\" content=\"image\/jpeg\" \/>\n<meta name=\"twitter:card\" content=\"summary_large_image\" \/>\n<script type=\"application\/ld+json\" class=\"yoast-schema-graph\">{\"@context\":\"https:\\\/\\\/schema.org\",\"@graph\":[{\"@type\":\"WebPage\",\"@id\":\"https:\\\/\\\/www.pressensa.shop\\\/fr\\\/produit\\\/serum-vitamina-c\\\/\",\"url\":\"https:\\\/\\\/www.pressensa.shop\\\/fr\\\/produit\\\/serum-vitamina-c\\\/\",\"name\":\"Acheter serum vitamine C avec Argirelox 30ml\",\"isPartOf\":{\"@id\":\"https:\\\/\\\/www.pressensa.shop\\\/fr\\\/#website\"},\"primaryImageOfPage\":{\"@id\":\"https:\\\/\\\/www.pressensa.shop\\\/fr\\\/produit\\\/serum-vitamina-c\\\/#primaryimage\"},\"image\":{\"@id\":\"https:\\\/\\\/www.pressensa.shop\\\/fr\\\/produit\\\/serum-vitamina-c\\\/#primaryimage\"},\"thumbnailUrl\":\"https:\\\/\\\/www.pressensa.shop\\\/wp-content\\\/uploads\\\/2022\\\/06\\\/SERUM-INTENCE.jpg\",\"datePublished\":\"2022-07-22T11:04:51+00:00\",\"dateModified\":\"2026-01-19T12:09:31+00:00\",\"description\":\"Este s\u00e9rum rico en Vitamina C con Argirelox es el postratamiento de mesoterapia perfecto para cara, cuello y escote.\",\"breadcrumb\":{\"@id\":\"https:\\\/\\\/www.pressensa.shop\\\/fr\\\/produit\\\/serum-vitamina-c\\\/#breadcrumb\"},\"inLanguage\":\"fr-FR\",\"potentialAction\":[{\"@type\":\"ReadAction\",\"target\":[\"https:\\\/\\\/www.pressensa.shop\\\/fr\\\/produit\\\/serum-vitamina-c\\\/\"]}]},{\"@type\":\"ImageObject\",\"inLanguage\":\"fr-FR\",\"@id\":\"https:\\\/\\\/www.pressensa.shop\\\/fr\\\/produit\\\/serum-vitamina-c\\\/#primaryimage\",\"url\":\"https:\\\/\\\/www.pressensa.shop\\\/wp-content\\\/uploads\\\/2022\\\/06\\\/SERUM-INTENCE.jpg\",\"contentUrl\":\"https:\\\/\\\/www.pressensa.shop\\\/wp-content\\\/uploads\\\/2022\\\/06\\\/SERUM-INTENCE.jpg\",\"width\":1920,\"height\":1920,\"caption\":\"vitamin-c-serum\"},{\"@type\":\"BreadcrumbList\",\"@id\":\"https:\\\/\\\/www.pressensa.shop\\\/fr\\\/produit\\\/serum-vitamina-c\\\/#breadcrumb\",\"itemListElement\":[{\"@type\":\"ListItem\",\"position\":1,\"name\":\"Portada\",\"item\":\"https:\\\/\\\/www.pressensa.shop\\\/fr\\\/\"},{\"@type\":\"ListItem\",\"position\":2,\"name\":\"Boutique\",\"item\":\"https:\\\/\\\/www.pressensa.shop\\\/fr\\\/boutique\\\/\"},{\"@type\":\"ListItem\",\"position\":3,\"name\":\"Intense C VitaSerum\"}]},{\"@type\":\"WebSite\",\"@id\":\"https:\\\/\\\/www.pressensa.shop\\\/fr\\\/#website\",\"url\":\"https:\\\/\\\/www.pressensa.shop\\\/fr\\\/\",\"name\":\"Pressensa\",\"description\":\"fabricante de productos de dermocosmetica, estetica y medicina est\u00e9tica.\",\"publisher\":{\"@id\":\"https:\\\/\\\/www.pressensa.shop\\\/fr\\\/#organization\"},\"potentialAction\":[{\"@type\":\"SearchAction\",\"target\":{\"@type\":\"EntryPoint\",\"urlTemplate\":\"https:\\\/\\\/www.pressensa.shop\\\/fr\\\/?s={search_term_string}\"},\"query-input\":{\"@type\":\"PropertyValueSpecification\",\"valueRequired\":true,\"valueName\":\"search_term_string\"}}],\"inLanguage\":\"fr-FR\"},{\"@type\":\"Organization\",\"@id\":\"https:\\\/\\\/www.pressensa.shop\\\/fr\\\/#organization\",\"name\":\"Pressensa\",\"url\":\"https:\\\/\\\/www.pressensa.shop\\\/fr\\\/\",\"logo\":{\"@type\":\"ImageObject\",\"inLanguage\":\"fr-FR\",\"@id\":\"https:\\\/\\\/www.pressensa.shop\\\/fr\\\/#\\\/schema\\\/logo\\\/image\\\/\",\"url\":\"https:\\\/\\\/www.pressensa.shop\\\/wp-content\\\/uploads\\\/2022\\\/06\\\/Recurso-24.png\",\"contentUrl\":\"https:\\\/\\\/www.pressensa.shop\\\/wp-content\\\/uploads\\\/2022\\\/06\\\/Recurso-24.png\",\"width\":281,\"height\":131,\"caption\":\"Pressensa\"},\"image\":{\"@id\":\"https:\\\/\\\/www.pressensa.shop\\\/fr\\\/#\\\/schema\\\/logo\\\/image\\\/\"}}]}<\/script>\n<!-- \/ Yoast SEO plugin. -->","yoast_head_json":{"title":"Acheter serum vitamine C avec Argirelox 30ml","description":"Este s\u00e9rum rico en Vitamina C con Argirelox es el postratamiento de mesoterapia perfecto para cara, cuello y escote.","robots":{"index":"index","follow":"follow","max-snippet":"max-snippet:-1","max-image-preview":"max-image-preview:large","max-video-preview":"max-video-preview:-1"},"canonical":"https:\/\/www.pressensa.shop\/fr\/produit\/serum-vitamina-c\/","og_locale":"fr_FR","og_type":"article","og_title":"Acheter serum vitamine C avec Argirelox 30ml","og_description":"Este s\u00e9rum rico en Vitamina C con Argirelox es el postratamiento de mesoterapia perfecto para cara, cuello y escote.","og_url":"https:\/\/www.pressensa.shop\/fr\/produit\/serum-vitamina-c\/","og_site_name":"Pressensa","article_modified_time":"2026-01-19T12:09:31+00:00","og_image":[{"width":1920,"height":1920,"url":"https:\/\/www.pressensa.shop\/wp-content\/uploads\/2022\/06\/SERUM-INTENCE.jpg","type":"image\/jpeg"}],"twitter_card":"summary_large_image","schema":{"@context":"https:\/\/schema.org","@graph":[{"@type":"WebPage","@id":"https:\/\/www.pressensa.shop\/fr\/produit\/serum-vitamina-c\/","url":"https:\/\/www.pressensa.shop\/fr\/produit\/serum-vitamina-c\/","name":"Acheter serum vitamine C avec Argirelox 30ml","isPartOf":{"@id":"https:\/\/www.pressensa.shop\/fr\/#website"},"primaryImageOfPage":{"@id":"https:\/\/www.pressensa.shop\/fr\/produit\/serum-vitamina-c\/#primaryimage"},"image":{"@id":"https:\/\/www.pressensa.shop\/fr\/produit\/serum-vitamina-c\/#primaryimage"},"thumbnailUrl":"https:\/\/www.pressensa.shop\/wp-content\/uploads\/2022\/06\/SERUM-INTENCE.jpg","datePublished":"2022-07-22T11:04:51+00:00","dateModified":"2026-01-19T12:09:31+00:00","description":"Este s\u00e9rum rico en Vitamina C con Argirelox es el postratamiento de mesoterapia perfecto para cara, cuello y escote.","breadcrumb":{"@id":"https:\/\/www.pressensa.shop\/fr\/produit\/serum-vitamina-c\/#breadcrumb"},"inLanguage":"fr-FR","potentialAction":[{"@type":"ReadAction","target":["https:\/\/www.pressensa.shop\/fr\/produit\/serum-vitamina-c\/"]}]},{"@type":"ImageObject","inLanguage":"fr-FR","@id":"https:\/\/www.pressensa.shop\/fr\/produit\/serum-vitamina-c\/#primaryimage","url":"https:\/\/www.pressensa.shop\/wp-content\/uploads\/2022\/06\/SERUM-INTENCE.jpg","contentUrl":"https:\/\/www.pressensa.shop\/wp-content\/uploads\/2022\/06\/SERUM-INTENCE.jpg","width":1920,"height":1920,"caption":"vitamin-c-serum"},{"@type":"BreadcrumbList","@id":"https:\/\/www.pressensa.shop\/fr\/produit\/serum-vitamina-c\/#breadcrumb","itemListElement":[{"@type":"ListItem","position":1,"name":"Portada","item":"https:\/\/www.pressensa.shop\/fr\/"},{"@type":"ListItem","position":2,"name":"Boutique","item":"https:\/\/www.pressensa.shop\/fr\/boutique\/"},{"@type":"ListItem","position":3,"name":"Intense C VitaSerum"}]},{"@type":"WebSite","@id":"https:\/\/www.pressensa.shop\/fr\/#website","url":"https:\/\/www.pressensa.shop\/fr\/","name":"Pressensa","description":"fabricante de productos de dermocosmetica, estetica y medicina est\u00e9tica.","publisher":{"@id":"https:\/\/www.pressensa.shop\/fr\/#organization"},"potentialAction":[{"@type":"SearchAction","target":{"@type":"EntryPoint","urlTemplate":"https:\/\/www.pressensa.shop\/fr\/?s={search_term_string}"},"query-input":{"@type":"PropertyValueSpecification","valueRequired":true,"valueName":"search_term_string"}}],"inLanguage":"fr-FR"},{"@type":"Organization","@id":"https:\/\/www.pressensa.shop\/fr\/#organization","name":"Pressensa","url":"https:\/\/www.pressensa.shop\/fr\/","logo":{"@type":"ImageObject","inLanguage":"fr-FR","@id":"https:\/\/www.pressensa.shop\/fr\/#\/schema\/logo\/image\/","url":"https:\/\/www.pressensa.shop\/wp-content\/uploads\/2022\/06\/Recurso-24.png","contentUrl":"https:\/\/www.pressensa.shop\/wp-content\/uploads\/2022\/06\/Recurso-24.png","width":281,"height":131,"caption":"Pressensa"},"image":{"@id":"https:\/\/www.pressensa.shop\/fr\/#\/schema\/logo\/image\/"}}]}},"_links":{"self":[{"href":"https:\/\/www.pressensa.shop\/fr\/wp-json\/wp\/v2\/product\/5154","targetHints":{"allow":["GET"]}}],"collection":[{"href":"https:\/\/www.pressensa.shop\/fr\/wp-json\/wp\/v2\/product"}],"about":[{"href":"https:\/\/www.pressensa.shop\/fr\/wp-json\/wp\/v2\/types\/product"}],"replies":[{"embeddable":true,"href":"https:\/\/www.pressensa.shop\/fr\/wp-json\/wp\/v2\/comments?post=5154"}],"version-history":[{"count":0,"href":"https:\/\/www.pressensa.shop\/fr\/wp-json\/wp\/v2\/product\/5154\/revisions"}],"wp:featuredmedia":[{"embeddable":true,"href":"https:\/\/www.pressensa.shop\/fr\/wp-json\/wp\/v2\/media\/15533"}],"wp:attachment":[{"href":"https:\/\/www.pressensa.shop\/fr\/wp-json\/wp\/v2\/media?parent=5154"}],"wp:term":[{"taxonomy":"product_brand","embeddable":true,"href":"https:\/\/www.pressensa.shop\/fr\/wp-json\/wp\/v2\/product_brand?post=5154"},{"taxonomy":"product_cat","embeddable":true,"href":"https:\/\/www.pressensa.shop\/fr\/wp-json\/wp\/v2\/product_cat?post=5154"},{"taxonomy":"product_tag","embeddable":true,"href":"https:\/\/www.pressensa.shop\/fr\/wp-json\/wp\/v2\/product_tag?post=5154"}],"curies":[{"name":"wp","href":"https:\/\/api.w.org\/{rel}","templated":true}]}}